{"version":"1.0","provider_name":"Polg\u00e1r Optika - L\u00e1t\u00e1sgondoz\u00e1s Szalon","provider_url":"https:\/\/optikapolgar.hu\/en","author_name":"Polg\u00e1r No\u00e9mi","author_url":"https:\/\/optikapolgar.hu\/en\/author\/polgaroptika\/","title":"Kontaktlencseilleszt\u00e9s","type":"rich","width":600,"height":338,"html":"<blockquote class=\"wp-embedded-content\" data-secret=\"XAbkinbCGr\"><a href=\"https:\/\/optikapolgar.hu\/en\/kontaktlencseillesztes\/\">Kontaktlencseilleszt\u00e9s<\/a><\/blockquote><iframe sandbox=\"allow-scripts\" security=\"restricted\" src=\"https:\/\/optikapolgar.hu\/en\/kontaktlencseillesztes\/embed\/#?secret=XAbkinbCGr\" width=\"600\" height=\"338\" title=\"&#8220;Kontaktlencseilleszt\u00e9s&#8221; &#8212; Polg\u00e1r Optika - L\u00e1t\u00e1sgondoz\u00e1s Szalon\" data-secret=\"XAbkinbCGr\" frameborder=\"0\" marginwidth=\"0\" marginheight=\"0\" scrolling=\"no\" class=\"wp-embedded-content\"><\/iframe><script>\n\/*! This file is auto-generated *\/\n!function(d,l){\"use strict\";l.querySelector&&d.addEventListener&&\"undefined\"!=typeof URL&&(d.wp=d.wp||{},d.wp.receiveEmbedMessage||(d.wp.receiveEmbedMessage=function(e){var t=e.data;if((t||t.secret||t.message||t.value)&&!\/[^a-zA-Z0-9]\/.test(t.secret)){for(var s,r,n,a=l.querySelectorAll('iframe[data-secret=\"'+t.secret+'\"]'),o=l.querySelectorAll('blockquote[data-secret=\"'+t.secret+'\"]'),c=new RegExp(\"^https?:$\",\"i\"),i=0;i<o.length;i++)o[i].style.display=\"none\";for(i=0;i<a.length;i++)s=a[i],e.source===s.contentWindow&&(s.removeAttribute(\"style\"),\"height\"===t.message?(1e3<(r=parseInt(t.value,10))?r=1e3:~~r<200&&(r=200),s.height=r):\"link\"===t.message&&(r=new URL(s.getAttribute(\"src\")),n=new URL(t.value),c.test(n.protocol))&&n.host===r.host&&l.activeElement===s&&(d.top.location.href=t.value))}},d.addEventListener(\"message\",d.wp.receiveEmbedMessage,!1),l.addEventListener(\"DOMContentLoaded\",function(){for(var e,t,s=l.querySelectorAll(\"iframe.wp-embedded-content\"),r=0;r<s.length;r++)(t=(e=s[r]).getAttribute(\"data-secret\"))||(t=Math.random().toString(36).substring(2,12),e.src+=\"#?secret=\"+t,e.setAttribute(\"data-secret\",t)),e.contentWindow.postMessage({message:\"ready\",secret:t},\"*\")},!1)))}(window,document);\n\/\/# sourceURL=https:\/\/optikapolgar.hu\/wp-includes\/js\/wp-embed.min.js\n<\/script>","thumbnail_url":"https:\/\/optikapolgar.hu\/wp-content\/uploads\/2022\/10\/Ha-sokszor-viselsz-kontaktlencset-e1772643280802.jpg","thumbnail_width":800,"thumbnail_height":400,"description":"Kontaktlencse illeszt\u00e9s 3D L\u00e1t\u00e1svizsg\u00e1lattal.Ha m\u00e9g nem volt kontaktlencs\u00e9d, vagy ha m\u00e1r viselt\u00e9l, csak r\u00e9gen, illetve \u00faj lencse t\u00edpust is kipr\u00f3b\u00e1ln\u00e1l, akkor ez a szolg\u00e1ltat\u00e1sunk neked val\u00f3!Itt teh\u00e1t nem csak a dioptri\u00e1dat hat\u00e1rozzuk meg \u00e9s a k\u00e9t szemed egy\u00fcttm\u0171k\u00f6d\u00e9s\u00e9t vizsg\u00e1ljuk, hanem a k\u00f6nny\u00f6sszet\u00e9teledet \u00e9s a k\u00fcls\u0151 sz\u00f6veteket is nagy\u00edt\u00f3 al\u00e1 vessz\u00fck, hogy a lehet\u0151 legk\u00e9nyelmesebb lencs\u00e9t tal\u00e1ljuk meg Neked.El\u0151fordul \u2013 \u00f6sszetettebb dioptri\u00e1k \u00e9s sz\u00f6veti elrendez\u0151d\u00e9sek ok\u00e1n-, hogy sz\u00fcks\u00e9ges egy m\u00e1sodik illeszt\u00e9s is. Ilyenkor m\u00e1r nem v\u00e9gezz\u00fck el a teljes vizsg\u00e1latot, hanem az \u00faj lencs\u00e9k felhelyez\u00e9se ut\u00e1n ellen\u0151rizz\u00fck az illeszked\u00e9st ,l\u00e1t\u00e1s\u00e9less\u00e9ged \u00e9s a komfortot.Megtan\u00edtjuk a helyes \u00e9s eg\u00e9szs\u00e9ges lencsehaszn\u00e1latot, valamint ell\u00e1tunk \u00e1pol\u00e1si tippekkel, tan\u00e1csokkal.Az els\u0151 illeszt\u00e9s \u00e9s vizsg\u00e1lat id\u0151tartama 1,5 \u2013 2 \u00f3ra.Kaland. J\u00f3kedv, siker\u00e9lm\u00e9ny.Garant\u00e1ljuk!"}