{"id":2752,"date":"2024-07-22T10:21:16","date_gmt":"2024-07-22T09:21:16","guid":{"rendered":"https:\/\/optikapolgar.hu\/?post_type=akcio&#038;p=2752"},"modified":"2025-02-04T10:59:49","modified_gmt":"2025-02-04T09:59:49","slug":"egyedi-akarcsak-te","status":"publish","type":"akcio","link":"https:\/\/optikapolgar.hu\/en\/akcio\/egyedi-akarcsak-te\/","title":{"rendered":"Egyedi, ak\u00e1rcsak Te!"},"content":{"rendered":"<p>Alkosd meg a saj\u00e1t napszem\u00fcveged, \u00e9ld meg a kreativit\u00e1sod!<\/p>","protected":false},"template":"","class_list":["post-2752","akcio","type-akcio","status-publish","hentry"],"yoast_head":"<!-- This site is optimized with the Yoast SEO Premium plugin v27.2 (Yoast SEO v27.3) - https:\/\/yoast.com\/product\/yoast-seo-premium-wordpress\/ -->\n<title>Egyedi, ak\u00e1rcsak Te! - Polg\u00e1r Optika - L\u00e1t\u00e1sgondoz\u00e1s Szalon<\/title>\n<meta name=\"description\" content=\"EGYEDI, AK\u00c1RCSAK TE!Tudtad, hogy a napszem\u00fcveget ig\u00e9nyeidnek megfelel\u0151en alak\u00edthatod? Ak\u00e1r dioptri\u00e1s, ak\u00e1r nem, meg tudod alkotni a neked tetsz\u0151 napszem\u00fcveg lencse sz\u00edn\u00e9t! \u00c9ld meg a kreativit\u00e1sod, Mi seg\u00edts\u00e9gedre lesz\u00fcnk a keret \u00e9s lencsev\u00e1laszt\u00e1sban egyar\u00e1nt!4 alapsz\u00edn k\u00f6z\u00fcl v\u00e1laszthatsz, melyek s\u00f6t\u00e9ts\u00e9ge 6 f\u00e9le verzi\u00f3ban el\u00e9rhet\u0151, a vil\u00e1gost\u00f3l az eg\u00e9szen s\u00f6t\u00e9tig. Ha az \u00e1tmenetes napszem\u00fcveglencs\u00e9t kedveled, ezt a 4 alapsz\u00ednt 3 v\u00e1ltozatban tudjuk elk\u00e9sz\u00edteni Neked \u00e1tmenetes kivitelben!Ha pedig a t\u00fckr\u00f6s lencs\u00e9k szerelmese vagy, 10 f\u00e9le opci\u00f3 k\u00f6z\u00fcl v\u00e1logathatsz, az eleg\u00e1nsabb, visszafogottabb t\u00fckr\u00f6s fel\u00fclett\u0151l az er\u0151sebb \u201emirror\u201d r\u00e9tegig!A min\u0151s\u00e9gr\u0151l a Zeiss log\u00f3ja biztos\u00edt minden egyes szem\u00fcveglencs\u00e9nkben, \u00e9s ha igaz\u00e1n szem\u00e9lyre szabottat szeretn\u00e9l, a monogramod is beleker\u00fcl!J\u00falius 31-ig minden napszem\u00fcveglencs\u00e9nket 20 % kedvezm\u00e9nnyel k\u00edn\u00e1ljuk, v\u00e1runk szeretettel!\" \/>\n<meta name=\"robots\" content=\"index, follow, max-snippet:-1, max-image-preview:large, max-video-preview:-1\" \/>\n<link rel=\"canonical\" href=\"https:\/\/optikapolgar.hu\/en\/offers\/egyedi-akarcsak-te\/\" \/>\n<meta property=\"og:locale\" content=\"en_GB\" \/>\n<meta property=\"og:type\" content=\"article\" \/>\n<meta property=\"og:title\" content=\"Egyedi, ak\u00e1rcsak Te!\" \/>\n<meta property=\"og:description\" content=\"EGYEDI, AK\u00c1RCSAK TE!Tudtad, hogy a napszem\u00fcveget ig\u00e9nyeidnek megfelel\u0151en alak\u00edthatod? Ak\u00e1r dioptri\u00e1s, ak\u00e1r nem, meg tudod alkotni a neked tetsz\u0151 napszem\u00fcveg lencse sz\u00edn\u00e9t! \u00c9ld meg a kreativit\u00e1sod, Mi seg\u00edts\u00e9gedre lesz\u00fcnk a keret \u00e9s lencsev\u00e1laszt\u00e1sban egyar\u00e1nt!4 alapsz\u00edn k\u00f6z\u00fcl v\u00e1laszthatsz, melyek s\u00f6t\u00e9ts\u00e9ge 6 f\u00e9le verzi\u00f3ban el\u00e9rhet\u0151, a vil\u00e1gost\u00f3l az eg\u00e9szen s\u00f6t\u00e9tig. Ha az \u00e1tmenetes napszem\u00fcveglencs\u00e9t kedveled, ezt a 4 alapsz\u00ednt 3 v\u00e1ltozatban tudjuk elk\u00e9sz\u00edteni Neked \u00e1tmenetes kivitelben!Ha pedig a t\u00fckr\u00f6s lencs\u00e9k szerelmese vagy, 10 f\u00e9le opci\u00f3 k\u00f6z\u00fcl v\u00e1logathatsz, az eleg\u00e1nsabb, visszafogottabb t\u00fckr\u00f6s fel\u00fclett\u0151l az er\u0151sebb \u201emirror\u201d r\u00e9tegig!A min\u0151s\u00e9gr\u0151l a Zeiss log\u00f3ja biztos\u00edt minden egyes szem\u00fcveglencs\u00e9nkben, \u00e9s ha igaz\u00e1n szem\u00e9lyre szabottat szeretn\u00e9l, a monogramod is beleker\u00fcl!J\u00falius 31-ig minden napszem\u00fcveglencs\u00e9nket 20 % kedvezm\u00e9nnyel k\u00edn\u00e1ljuk, v\u00e1runk szeretettel!\" \/>\n<meta property=\"og:url\" content=\"https:\/\/optikapolgar.hu\/en\/offers\/egyedi-akarcsak-te\/\" \/>\n<meta property=\"og:site_name\" content=\"Polg\u00e1r Optika - L\u00e1t\u00e1sgondoz\u00e1s Szalon\" \/>\n<meta property=\"article:publisher\" content=\"https:\/\/www.facebook.com\/polgaroptika\" \/>\n<meta property=\"article:modified_time\" content=\"2025-02-04T09:59:49+00:00\" \/>\n<meta name=\"twitter:card\" content=\"summary_large_image\" \/>\n<meta name=\"twitter:label1\" content=\"Estimated reading time\" \/>\n\t<meta name=\"twitter:data1\" content=\"1 minute\" \/>\n<script type=\"application\/ld+json\" class=\"yoast-schema-graph\">{\"@context\":\"https:\\\/\\\/schema.org\",\"@graph\":[{\"@type\":\"WebPage\",\"@id\":\"https:\\\/\\\/optikapolgar.hu\\\/akcio\\\/egyedi-akarcsak-te\\\/\",\"url\":\"https:\\\/\\\/optikapolgar.hu\\\/akcio\\\/egyedi-akarcsak-te\\\/\",\"name\":\"Egyedi, ak\u00e1rcsak Te! - Polg\u00e1r Optika - L\u00e1t\u00e1sgondoz\u00e1s Szalon\",\"isPartOf\":{\"@id\":\"https:\\\/\\\/optikapolgar.hu\\\/#website\"},\"datePublished\":\"2024-07-22T09:21:16+00:00\",\"dateModified\":\"2025-02-04T09:59:49+00:00\",\"description\":\"EGYEDI, AK\u00c1RCSAK TE!Tudtad, hogy a napszem\u00fcveget ig\u00e9nyeidnek megfelel\u0151en alak\u00edthatod? Ak\u00e1r dioptri\u00e1s, ak\u00e1r nem, meg tudod alkotni a neked tetsz\u0151 napszem\u00fcveg lencse sz\u00edn\u00e9t! \u00c9ld meg a kreativit\u00e1sod, Mi seg\u00edts\u00e9gedre lesz\u00fcnk a keret \u00e9s lencsev\u00e1laszt\u00e1sban egyar\u00e1nt!4 alapsz\u00edn k\u00f6z\u00fcl v\u00e1laszthatsz, melyek s\u00f6t\u00e9ts\u00e9ge 6 f\u00e9le verzi\u00f3ban el\u00e9rhet\u0151, a vil\u00e1gost\u00f3l az eg\u00e9szen s\u00f6t\u00e9tig. Ha az \u00e1tmenetes napszem\u00fcveglencs\u00e9t kedveled, ezt a 4 alapsz\u00ednt 3 v\u00e1ltozatban tudjuk elk\u00e9sz\u00edteni Neked \u00e1tmenetes kivitelben!Ha pedig a t\u00fckr\u00f6s lencs\u00e9k szerelmese vagy, 10 f\u00e9le opci\u00f3 k\u00f6z\u00fcl v\u00e1logathatsz, az eleg\u00e1nsabb, visszafogottabb t\u00fckr\u00f6s fel\u00fclett\u0151l az er\u0151sebb \u201emirror\u201d r\u00e9tegig!A min\u0151s\u00e9gr\u0151l a Zeiss log\u00f3ja biztos\u00edt minden egyes szem\u00fcveglencs\u00e9nkben, \u00e9s ha igaz\u00e1n szem\u00e9lyre szabottat szeretn\u00e9l, a monogramod is beleker\u00fcl!J\u00falius 31-ig minden napszem\u00fcveglencs\u00e9nket 20 % kedvezm\u00e9nnyel k\u00edn\u00e1ljuk, v\u00e1runk szeretettel!\",\"breadcrumb\":{\"@id\":\"https:\\\/\\\/optikapolgar.hu\\\/akcio\\\/egyedi-akarcsak-te\\\/#breadcrumb\"},\"inLanguage\":\"en-GB\",\"potentialAction\":[{\"@type\":\"ReadAction\",\"target\":[\"https:\\\/\\\/optikapolgar.hu\\\/akcio\\\/egyedi-akarcsak-te\\\/\"]}]},{\"@type\":\"BreadcrumbList\",\"@id\":\"https:\\\/\\\/optikapolgar.hu\\\/akcio\\\/egyedi-akarcsak-te\\\/#breadcrumb\",\"itemListElement\":[{\"@type\":\"ListItem\",\"position\":1,\"name\":\"Home\",\"item\":\"https:\\\/\\\/optikapolgar.hu\\\/\"},{\"@type\":\"ListItem\",\"position\":2,\"name\":\"Akci\u00f3\",\"item\":\"https:\\\/\\\/optikapolgar.hu\\\/akcio\\\/\"},{\"@type\":\"ListItem\",\"position\":3,\"name\":\"Egyedi, ak\u00e1rcsak Te!\"}]},{\"@type\":\"WebSite\",\"@id\":\"https:\\\/\\\/optikapolgar.hu\\\/#website\",\"url\":\"https:\\\/\\\/optikapolgar.hu\\\/\",\"name\":\"Polg\u00e1r Optika - L\u00e1t\u00e1sgondoz\u00e1s Szalon\",\"description\":\"Polg\u00e1r Optika\",\"publisher\":{\"@id\":\"https:\\\/\\\/optikapolgar.hu\\\/#organization\"},\"potentialAction\":[{\"@type\":\"SearchAction\",\"target\":{\"@type\":\"EntryPoint\",\"urlTemplate\":\"https:\\\/\\\/optikapolgar.hu\\\/?s={search_term_string}\"},\"query-input\":{\"@type\":\"PropertyValueSpecification\",\"valueRequired\":true,\"valueName\":\"search_term_string\"}}],\"inLanguage\":\"en-GB\"},{\"@type\":\"Organization\",\"@id\":\"https:\\\/\\\/optikapolgar.hu\\\/#organization\",\"name\":\"Polg\u00e1r Optika - L\u00e1t\u00e1sgondoz\u00e1s Szalon\",\"url\":\"https:\\\/\\\/optikapolgar.hu\\\/\",\"logo\":{\"@type\":\"ImageObject\",\"inLanguage\":\"en-GB\",\"@id\":\"https:\\\/\\\/optikapolgar.hu\\\/#\\\/schema\\\/logo\\\/image\\\/\",\"url\":\"https:\\\/\\\/optikapolgar.hu\\\/wp-content\\\/uploads\\\/2022\\\/06\\\/PolgarOptika_logo_arany.svg\",\"contentUrl\":\"https:\\\/\\\/optikapolgar.hu\\\/wp-content\\\/uploads\\\/2022\\\/06\\\/PolgarOptika_logo_arany.svg\",\"width\":206,\"height\":208,\"caption\":\"Polg\u00e1r Optika - L\u00e1t\u00e1sgondoz\u00e1s Szalon\"},\"image\":{\"@id\":\"https:\\\/\\\/optikapolgar.hu\\\/#\\\/schema\\\/logo\\\/image\\\/\"},\"sameAs\":[\"https:\\\/\\\/www.facebook.com\\\/polgaroptika\",\"https:\\\/\\\/instagram.com\\\/polgar_optika?igshid=YmMyMTA2M2Y=\"]}]}<\/script>\n<!-- \/ Yoast SEO Premium plugin. -->","yoast_head_json":{"title":"Egyedi, ak\u00e1rcsak Te! - Polg\u00e1r Optika - L\u00e1t\u00e1sgondoz\u00e1s Szalon","description":"EGYEDI, AK\u00c1RCSAK TE!Tudtad, hogy a napszem\u00fcveget ig\u00e9nyeidnek megfelel\u0151en alak\u00edthatod? Ak\u00e1r dioptri\u00e1s, ak\u00e1r nem, meg tudod alkotni a neked tetsz\u0151 napszem\u00fcveg lencse sz\u00edn\u00e9t! \u00c9ld meg a kreativit\u00e1sod, Mi seg\u00edts\u00e9gedre lesz\u00fcnk a keret \u00e9s lencsev\u00e1laszt\u00e1sban egyar\u00e1nt!4 alapsz\u00edn k\u00f6z\u00fcl v\u00e1laszthatsz, melyek s\u00f6t\u00e9ts\u00e9ge 6 f\u00e9le verzi\u00f3ban el\u00e9rhet\u0151, a vil\u00e1gost\u00f3l az eg\u00e9szen s\u00f6t\u00e9tig. Ha az \u00e1tmenetes napszem\u00fcveglencs\u00e9t kedveled, ezt a 4 alapsz\u00ednt 3 v\u00e1ltozatban tudjuk elk\u00e9sz\u00edteni Neked \u00e1tmenetes kivitelben!Ha pedig a t\u00fckr\u00f6s lencs\u00e9k szerelmese vagy, 10 f\u00e9le opci\u00f3 k\u00f6z\u00fcl v\u00e1logathatsz, az eleg\u00e1nsabb, visszafogottabb t\u00fckr\u00f6s fel\u00fclett\u0151l az er\u0151sebb \u201emirror\u201d r\u00e9tegig!A min\u0151s\u00e9gr\u0151l a Zeiss log\u00f3ja biztos\u00edt minden egyes szem\u00fcveglencs\u00e9nkben, \u00e9s ha igaz\u00e1n szem\u00e9lyre szabottat szeretn\u00e9l, a monogramod is beleker\u00fcl!J\u00falius 31-ig minden napszem\u00fcveglencs\u00e9nket 20 % kedvezm\u00e9nnyel k\u00edn\u00e1ljuk, v\u00e1runk szeretettel!","robots":{"index":"index","follow":"follow","max-snippet":"max-snippet:-1","max-image-preview":"max-image-preview:large","max-video-preview":"max-video-preview:-1"},"canonical":"https:\/\/optikapolgar.hu\/en\/offers\/egyedi-akarcsak-te\/","og_locale":"en_GB","og_type":"article","og_title":"Egyedi, ak\u00e1rcsak Te!","og_description":"EGYEDI, AK\u00c1RCSAK TE!Tudtad, hogy a napszem\u00fcveget ig\u00e9nyeidnek megfelel\u0151en alak\u00edthatod? Ak\u00e1r dioptri\u00e1s, ak\u00e1r nem, meg tudod alkotni a neked tetsz\u0151 napszem\u00fcveg lencse sz\u00edn\u00e9t! \u00c9ld meg a kreativit\u00e1sod, Mi seg\u00edts\u00e9gedre lesz\u00fcnk a keret \u00e9s lencsev\u00e1laszt\u00e1sban egyar\u00e1nt!4 alapsz\u00edn k\u00f6z\u00fcl v\u00e1laszthatsz, melyek s\u00f6t\u00e9ts\u00e9ge 6 f\u00e9le verzi\u00f3ban el\u00e9rhet\u0151, a vil\u00e1gost\u00f3l az eg\u00e9szen s\u00f6t\u00e9tig. Ha az \u00e1tmenetes napszem\u00fcveglencs\u00e9t kedveled, ezt a 4 alapsz\u00ednt 3 v\u00e1ltozatban tudjuk elk\u00e9sz\u00edteni Neked \u00e1tmenetes kivitelben!Ha pedig a t\u00fckr\u00f6s lencs\u00e9k szerelmese vagy, 10 f\u00e9le opci\u00f3 k\u00f6z\u00fcl v\u00e1logathatsz, az eleg\u00e1nsabb, visszafogottabb t\u00fckr\u00f6s fel\u00fclett\u0151l az er\u0151sebb \u201emirror\u201d r\u00e9tegig!A min\u0151s\u00e9gr\u0151l a Zeiss log\u00f3ja biztos\u00edt minden egyes szem\u00fcveglencs\u00e9nkben, \u00e9s ha igaz\u00e1n szem\u00e9lyre szabottat szeretn\u00e9l, a monogramod is beleker\u00fcl!J\u00falius 31-ig minden napszem\u00fcveglencs\u00e9nket 20 % kedvezm\u00e9nnyel k\u00edn\u00e1ljuk, v\u00e1runk szeretettel!","og_url":"https:\/\/optikapolgar.hu\/en\/offers\/egyedi-akarcsak-te\/","og_site_name":"Polg\u00e1r Optika - L\u00e1t\u00e1sgondoz\u00e1s Szalon","article_publisher":"https:\/\/www.facebook.com\/polgaroptika","article_modified_time":"2025-02-04T09:59:49+00:00","twitter_card":"summary_large_image","twitter_misc":{"Estimated reading time":"1 minute"},"schema":{"@context":"https:\/\/schema.org","@graph":[{"@type":"WebPage","@id":"https:\/\/optikapolgar.hu\/akcio\/egyedi-akarcsak-te\/","url":"https:\/\/optikapolgar.hu\/akcio\/egyedi-akarcsak-te\/","name":"Egyedi, ak\u00e1rcsak Te! - Polg\u00e1r Optika - L\u00e1t\u00e1sgondoz\u00e1s Szalon","isPartOf":{"@id":"https:\/\/optikapolgar.hu\/#website"},"datePublished":"2024-07-22T09:21:16+00:00","dateModified":"2025-02-04T09:59:49+00:00","description":"EGYEDI, AK\u00c1RCSAK TE!Tudtad, hogy a napszem\u00fcveget ig\u00e9nyeidnek megfelel\u0151en alak\u00edthatod? Ak\u00e1r dioptri\u00e1s, ak\u00e1r nem, meg tudod alkotni a neked tetsz\u0151 napszem\u00fcveg lencse sz\u00edn\u00e9t! \u00c9ld meg a kreativit\u00e1sod, Mi seg\u00edts\u00e9gedre lesz\u00fcnk a keret \u00e9s lencsev\u00e1laszt\u00e1sban egyar\u00e1nt!4 alapsz\u00edn k\u00f6z\u00fcl v\u00e1laszthatsz, melyek s\u00f6t\u00e9ts\u00e9ge 6 f\u00e9le verzi\u00f3ban el\u00e9rhet\u0151, a vil\u00e1gost\u00f3l az eg\u00e9szen s\u00f6t\u00e9tig. Ha az \u00e1tmenetes napszem\u00fcveglencs\u00e9t kedveled, ezt a 4 alapsz\u00ednt 3 v\u00e1ltozatban tudjuk elk\u00e9sz\u00edteni Neked \u00e1tmenetes kivitelben!Ha pedig a t\u00fckr\u00f6s lencs\u00e9k szerelmese vagy, 10 f\u00e9le opci\u00f3 k\u00f6z\u00fcl v\u00e1logathatsz, az eleg\u00e1nsabb, visszafogottabb t\u00fckr\u00f6s fel\u00fclett\u0151l az er\u0151sebb \u201emirror\u201d r\u00e9tegig!A min\u0151s\u00e9gr\u0151l a Zeiss log\u00f3ja biztos\u00edt minden egyes szem\u00fcveglencs\u00e9nkben, \u00e9s ha igaz\u00e1n szem\u00e9lyre szabottat szeretn\u00e9l, a monogramod is beleker\u00fcl!J\u00falius 31-ig minden napszem\u00fcveglencs\u00e9nket 20 % kedvezm\u00e9nnyel k\u00edn\u00e1ljuk, v\u00e1runk szeretettel!","breadcrumb":{"@id":"https:\/\/optikapolgar.hu\/akcio\/egyedi-akarcsak-te\/#breadcrumb"},"inLanguage":"en-GB","potentialAction":[{"@type":"ReadAction","target":["https:\/\/optikapolgar.hu\/akcio\/egyedi-akarcsak-te\/"]}]},{"@type":"BreadcrumbList","@id":"https:\/\/optikapolgar.hu\/akcio\/egyedi-akarcsak-te\/#breadcrumb","itemListElement":[{"@type":"ListItem","position":1,"name":"Home","item":"https:\/\/optikapolgar.hu\/"},{"@type":"ListItem","position":2,"name":"Akci\u00f3","item":"https:\/\/optikapolgar.hu\/akcio\/"},{"@type":"ListItem","position":3,"name":"Egyedi, ak\u00e1rcsak Te!"}]},{"@type":"WebSite","@id":"https:\/\/optikapolgar.hu\/#website","url":"https:\/\/optikapolgar.hu\/","name":"Polg\u00e1r Optika - L\u00e1t\u00e1sgondoz\u00e1s Szalon","description":"Polgar Optics","publisher":{"@id":"https:\/\/optikapolgar.hu\/#organization"},"potentialAction":[{"@type":"SearchAction","target":{"@type":"EntryPoint","urlTemplate":"https:\/\/optikapolgar.hu\/?s={search_term_string}"},"query-input":{"@type":"PropertyValueSpecification","valueRequired":true,"valueName":"search_term_string"}}],"inLanguage":"en-GB"},{"@type":"Organization","@id":"https:\/\/optikapolgar.hu\/#organization","name":"Polg\u00e1r Optika - L\u00e1t\u00e1sgondoz\u00e1s Szalon","url":"https:\/\/optikapolgar.hu\/","logo":{"@type":"ImageObject","inLanguage":"en-GB","@id":"https:\/\/optikapolgar.hu\/#\/schema\/logo\/image\/","url":"https:\/\/optikapolgar.hu\/wp-content\/uploads\/2022\/06\/PolgarOptika_logo_arany.svg","contentUrl":"https:\/\/optikapolgar.hu\/wp-content\/uploads\/2022\/06\/PolgarOptika_logo_arany.svg","width":206,"height":208,"caption":"Polg\u00e1r Optika - L\u00e1t\u00e1sgondoz\u00e1s Szalon"},"image":{"@id":"https:\/\/optikapolgar.hu\/#\/schema\/logo\/image\/"},"sameAs":["https:\/\/www.facebook.com\/polgaroptika","https:\/\/instagram.com\/polgar_optika?igshid=YmMyMTA2M2Y="]}]}},"_links":{"self":[{"href":"https:\/\/optikapolgar.hu\/en\/wp-json\/wp\/v2\/akcio\/2752","targetHints":{"allow":["GET"]}}],"collection":[{"href":"https:\/\/optikapolgar.hu\/en\/wp-json\/wp\/v2\/akcio"}],"about":[{"href":"https:\/\/optikapolgar.hu\/en\/wp-json\/wp\/v2\/types\/akcio"}],"wp:attachment":[{"href":"https:\/\/optikapolgar.hu\/en\/wp-json\/wp\/v2\/media?parent=2752"}],"curies":[{"name":"wp","href":"https:\/\/api.w.org\/{rel}","templated":true}]}}