{"id":2811,"date":"2024-11-18T09:49:57","date_gmt":"2024-11-18T08:49:57","guid":{"rendered":"https:\/\/optikapolgar.hu\/?post_type=akcio&#038;p=2811"},"modified":"2025-02-04T10:59:46","modified_gmt":"2025-02-04T09:59:46","slug":"szulinap-a-szalonban","status":"publish","type":"akcio","link":"https:\/\/optikapolgar.hu\/en\/akcio\/szulinap-a-szalonban\/","title":{"rendered":"Sz\u00fclinap a Szalonban!"},"content":{"rendered":"<p>Id\u00e9n 3. \u00e9ve , hogy a Szalon Bud\u00e1ra k\u00f6lt\u00f6z\u00f6tt! Szeretn\u00e9nk Veletek \u00fcnnepelni ezt a sz\u00fclinapot is, \u00e9s szeretettel megh\u00edvunk az egy hetes bulinkra:)<\/p>\n\n\n\n<p><\/p>","protected":false},"template":"","class_list":["post-2811","akcio","type-akcio","status-publish","hentry"],"yoast_head":"<!-- This site is optimized with the Yoast SEO Premium plugin v27.2 (Yoast SEO v27.3) - https:\/\/yoast.com\/product\/yoast-seo-premium-wordpress\/ -->\n<title>Sz\u00fclinap a Szalonban! - Polg\u00e1r Optika - L\u00e1t\u00e1sgondoz\u00e1s Szalon<\/title>\n<meta name=\"description\" content=\"Id\u00e9n 3. \u00e9ve , hogy a Szalon Bud\u00e1ra k\u00f6lt\u00f6z\u00f6tt! Szeretn\u00e9nk Veletek \u00fcnnepelni ezt a sz\u00fclinapot is, \u00e9s szeretettel megh\u00edvunk az egy hetes bulinkra:)November 25 - 28. k\u00f6z\u00f6tt bemutat\u00f3 napokat tartunk: az Orgreen keretek teljes palett\u00e1ja megtekinthet\u0151, felpr\u00f3b\u00e1lhat\u00f3, \u00e9s megv\u00e1s\u00e1rolhat\u00f3 term\u00e9szetesen, melyet pr\u00e9mium lencs\u00e9kkel eg\u00e9sz\u00edt\u00fcnk ki, a Ti ig\u00e9nyeiteknek megfelel\u0151en! Ha valami igaz\u00e1n egyedire v\u00e1gysz, akkor ez a h\u00e9t a Te heted!A rendel\u00e9s teljes v\u00e9g\u00f6sszeg\u00e9b\u0151l ezen az 5 napon 30% kedvezm\u00e9nyt biztos\u00edtunk.K\u00e1v\u00e9, s\u00fcti, pogi b\u0151ven lesz, m\u00e1r csak Te hi\u00e1nyzol!A r\u00e9szv\u00e9teli sz\u00e1nd\u00e9kod id\u0151pontfoglal\u00e1ssal er\u0151s\u00edtsd meg, miel\u0151tt \u00e9rkezn\u00e9l, \u00e9s pr\u00f3b\u00e1lgatn\u00e1l. A szolg\u00e1ltat\u00e1saink k\u00f6z\u00fcl a 3D L\u00e1t\u00e1svizsg\u00e1latot, \u00e9s \/ vagy a Konzult\u00e1ci\u00f3t v\u00e1laszd ki!Nagyon sok szeretettel v\u00e1runk, k\u00f6sz\u00f6nj\u00fck, hogy vel\u00fcnk \u00fcnnepelsz!\" \/>\n<meta name=\"robots\" content=\"index, follow, max-snippet:-1, max-image-preview:large, max-video-preview:-1\" \/>\n<link rel=\"canonical\" href=\"https:\/\/optikapolgar.hu\/en\/offers\/szulinap-a-szalonban\/\" \/>\n<meta property=\"og:locale\" content=\"en_GB\" \/>\n<meta property=\"og:type\" content=\"article\" \/>\n<meta property=\"og:title\" content=\"Sz\u00fclinap a Szalonban!\" \/>\n<meta property=\"og:description\" content=\"Id\u00e9n 3. \u00e9ve , hogy a Szalon Bud\u00e1ra k\u00f6lt\u00f6z\u00f6tt! Szeretn\u00e9nk Veletek \u00fcnnepelni ezt a sz\u00fclinapot is, \u00e9s szeretettel megh\u00edvunk az egy hetes bulinkra:)November 25 - 28. k\u00f6z\u00f6tt bemutat\u00f3 napokat tartunk: az Orgreen keretek teljes palett\u00e1ja megtekinthet\u0151, felpr\u00f3b\u00e1lhat\u00f3, \u00e9s megv\u00e1s\u00e1rolhat\u00f3 term\u00e9szetesen, melyet pr\u00e9mium lencs\u00e9kkel eg\u00e9sz\u00edt\u00fcnk ki, a Ti ig\u00e9nyeiteknek megfelel\u0151en! Ha valami igaz\u00e1n egyedire v\u00e1gysz, akkor ez a h\u00e9t a Te heted!A rendel\u00e9s teljes v\u00e9g\u00f6sszeg\u00e9b\u0151l ezen az 5 napon 30% kedvezm\u00e9nyt biztos\u00edtunk.K\u00e1v\u00e9, s\u00fcti, pogi b\u0151ven lesz, m\u00e1r csak Te hi\u00e1nyzol!A r\u00e9szv\u00e9teli sz\u00e1nd\u00e9kod id\u0151pontfoglal\u00e1ssal er\u0151s\u00edtsd meg, miel\u0151tt \u00e9rkezn\u00e9l, \u00e9s pr\u00f3b\u00e1lgatn\u00e1l. A szolg\u00e1ltat\u00e1saink k\u00f6z\u00fcl a 3D L\u00e1t\u00e1svizsg\u00e1latot, \u00e9s \/ vagy a Konzult\u00e1ci\u00f3t v\u00e1laszd ki!Nagyon sok szeretettel v\u00e1runk, k\u00f6sz\u00f6nj\u00fck, hogy vel\u00fcnk \u00fcnnepelsz!\" \/>\n<meta property=\"og:url\" content=\"https:\/\/optikapolgar.hu\/en\/offers\/szulinap-a-szalonban\/\" \/>\n<meta property=\"og:site_name\" content=\"Polg\u00e1r Optika - L\u00e1t\u00e1sgondoz\u00e1s Szalon\" \/>\n<meta property=\"article:publisher\" content=\"https:\/\/www.facebook.com\/polgaroptika\" \/>\n<meta property=\"article:modified_time\" content=\"2025-02-04T09:59:46+00:00\" \/>\n<meta name=\"twitter:card\" content=\"summary_large_image\" \/>\n<meta name=\"twitter:label1\" content=\"Estimated reading time\" \/>\n\t<meta name=\"twitter:data1\" content=\"1 minute\" \/>\n<script type=\"application\/ld+json\" class=\"yoast-schema-graph\">{\"@context\":\"https:\\\/\\\/schema.org\",\"@graph\":[{\"@type\":\"WebPage\",\"@id\":\"https:\\\/\\\/optikapolgar.hu\\\/akcio\\\/szulinap-a-szalonban\\\/\",\"url\":\"https:\\\/\\\/optikapolgar.hu\\\/akcio\\\/szulinap-a-szalonban\\\/\",\"name\":\"Sz\u00fclinap a Szalonban! - Polg\u00e1r Optika - L\u00e1t\u00e1sgondoz\u00e1s Szalon\",\"isPartOf\":{\"@id\":\"https:\\\/\\\/optikapolgar.hu\\\/#website\"},\"datePublished\":\"2024-11-18T08:49:57+00:00\",\"dateModified\":\"2025-02-04T09:59:46+00:00\",\"description\":\"Id\u00e9n 3. \u00e9ve , hogy a Szalon Bud\u00e1ra k\u00f6lt\u00f6z\u00f6tt! Szeretn\u00e9nk Veletek \u00fcnnepelni ezt a sz\u00fclinapot is, \u00e9s szeretettel megh\u00edvunk az egy hetes bulinkra:)November 25 - 28. k\u00f6z\u00f6tt bemutat\u00f3 napokat tartunk: az Orgreen keretek teljes palett\u00e1ja megtekinthet\u0151, felpr\u00f3b\u00e1lhat\u00f3, \u00e9s megv\u00e1s\u00e1rolhat\u00f3 term\u00e9szetesen, melyet pr\u00e9mium lencs\u00e9kkel eg\u00e9sz\u00edt\u00fcnk ki, a Ti ig\u00e9nyeiteknek megfelel\u0151en! Ha valami igaz\u00e1n egyedire v\u00e1gysz, akkor ez a h\u00e9t a Te heted!A rendel\u00e9s teljes v\u00e9g\u00f6sszeg\u00e9b\u0151l ezen az 5 napon 30% kedvezm\u00e9nyt biztos\u00edtunk.K\u00e1v\u00e9, s\u00fcti, pogi b\u0151ven lesz, m\u00e1r csak Te hi\u00e1nyzol!A r\u00e9szv\u00e9teli sz\u00e1nd\u00e9kod id\u0151pontfoglal\u00e1ssal er\u0151s\u00edtsd meg, miel\u0151tt \u00e9rkezn\u00e9l, \u00e9s pr\u00f3b\u00e1lgatn\u00e1l. A szolg\u00e1ltat\u00e1saink k\u00f6z\u00fcl a 3D L\u00e1t\u00e1svizsg\u00e1latot, \u00e9s \\\/ vagy a Konzult\u00e1ci\u00f3t v\u00e1laszd ki!Nagyon sok szeretettel v\u00e1runk, k\u00f6sz\u00f6nj\u00fck, hogy vel\u00fcnk \u00fcnnepelsz!\",\"breadcrumb\":{\"@id\":\"https:\\\/\\\/optikapolgar.hu\\\/akcio\\\/szulinap-a-szalonban\\\/#breadcrumb\"},\"inLanguage\":\"en-GB\",\"potentialAction\":[{\"@type\":\"ReadAction\",\"target\":[\"https:\\\/\\\/optikapolgar.hu\\\/akcio\\\/szulinap-a-szalonban\\\/\"]}]},{\"@type\":\"BreadcrumbList\",\"@id\":\"https:\\\/\\\/optikapolgar.hu\\\/akcio\\\/szulinap-a-szalonban\\\/#breadcrumb\",\"itemListElement\":[{\"@type\":\"ListItem\",\"position\":1,\"name\":\"Home\",\"item\":\"https:\\\/\\\/optikapolgar.hu\\\/\"},{\"@type\":\"ListItem\",\"position\":2,\"name\":\"Akci\u00f3\",\"item\":\"https:\\\/\\\/optikapolgar.hu\\\/akcio\\\/\"},{\"@type\":\"ListItem\",\"position\":3,\"name\":\"Sz\u00fclinap a Szalonban!\"}]},{\"@type\":\"WebSite\",\"@id\":\"https:\\\/\\\/optikapolgar.hu\\\/#website\",\"url\":\"https:\\\/\\\/optikapolgar.hu\\\/\",\"name\":\"Polg\u00e1r Optika - L\u00e1t\u00e1sgondoz\u00e1s Szalon\",\"description\":\"Polg\u00e1r Optika\",\"publisher\":{\"@id\":\"https:\\\/\\\/optikapolgar.hu\\\/#organization\"},\"potentialAction\":[{\"@type\":\"SearchAction\",\"target\":{\"@type\":\"EntryPoint\",\"urlTemplate\":\"https:\\\/\\\/optikapolgar.hu\\\/?s={search_term_string}\"},\"query-input\":{\"@type\":\"PropertyValueSpecification\",\"valueRequired\":true,\"valueName\":\"search_term_string\"}}],\"inLanguage\":\"en-GB\"},{\"@type\":\"Organization\",\"@id\":\"https:\\\/\\\/optikapolgar.hu\\\/#organization\",\"name\":\"Polg\u00e1r Optika - L\u00e1t\u00e1sgondoz\u00e1s Szalon\",\"url\":\"https:\\\/\\\/optikapolgar.hu\\\/\",\"logo\":{\"@type\":\"ImageObject\",\"inLanguage\":\"en-GB\",\"@id\":\"https:\\\/\\\/optikapolgar.hu\\\/#\\\/schema\\\/logo\\\/image\\\/\",\"url\":\"https:\\\/\\\/optikapolgar.hu\\\/wp-content\\\/uploads\\\/2022\\\/06\\\/PolgarOptika_logo_arany.svg\",\"contentUrl\":\"https:\\\/\\\/optikapolgar.hu\\\/wp-content\\\/uploads\\\/2022\\\/06\\\/PolgarOptika_logo_arany.svg\",\"width\":206,\"height\":208,\"caption\":\"Polg\u00e1r Optika - L\u00e1t\u00e1sgondoz\u00e1s Szalon\"},\"image\":{\"@id\":\"https:\\\/\\\/optikapolgar.hu\\\/#\\\/schema\\\/logo\\\/image\\\/\"},\"sameAs\":[\"https:\\\/\\\/www.facebook.com\\\/polgaroptika\",\"https:\\\/\\\/instagram.com\\\/polgar_optika?igshid=YmMyMTA2M2Y=\"]}]}<\/script>\n<!-- \/ Yoast SEO Premium plugin. -->","yoast_head_json":{"title":"Sz\u00fclinap a Szalonban! - Polg\u00e1r Optika - L\u00e1t\u00e1sgondoz\u00e1s Szalon","description":"Id\u00e9n 3. \u00e9ve , hogy a Szalon Bud\u00e1ra k\u00f6lt\u00f6z\u00f6tt! Szeretn\u00e9nk Veletek \u00fcnnepelni ezt a sz\u00fclinapot is, \u00e9s szeretettel megh\u00edvunk az egy hetes bulinkra:)November 25 - 28. k\u00f6z\u00f6tt bemutat\u00f3 napokat tartunk: az Orgreen keretek teljes palett\u00e1ja megtekinthet\u0151, felpr\u00f3b\u00e1lhat\u00f3, \u00e9s megv\u00e1s\u00e1rolhat\u00f3 term\u00e9szetesen, melyet pr\u00e9mium lencs\u00e9kkel eg\u00e9sz\u00edt\u00fcnk ki, a Ti ig\u00e9nyeiteknek megfelel\u0151en! Ha valami igaz\u00e1n egyedire v\u00e1gysz, akkor ez a h\u00e9t a Te heted!A rendel\u00e9s teljes v\u00e9g\u00f6sszeg\u00e9b\u0151l ezen az 5 napon 30% kedvezm\u00e9nyt biztos\u00edtunk.K\u00e1v\u00e9, s\u00fcti, pogi b\u0151ven lesz, m\u00e1r csak Te hi\u00e1nyzol!A r\u00e9szv\u00e9teli sz\u00e1nd\u00e9kod id\u0151pontfoglal\u00e1ssal er\u0151s\u00edtsd meg, miel\u0151tt \u00e9rkezn\u00e9l, \u00e9s pr\u00f3b\u00e1lgatn\u00e1l. A szolg\u00e1ltat\u00e1saink k\u00f6z\u00fcl a 3D L\u00e1t\u00e1svizsg\u00e1latot, \u00e9s \/ vagy a Konzult\u00e1ci\u00f3t v\u00e1laszd ki!Nagyon sok szeretettel v\u00e1runk, k\u00f6sz\u00f6nj\u00fck, hogy vel\u00fcnk \u00fcnnepelsz!","robots":{"index":"index","follow":"follow","max-snippet":"max-snippet:-1","max-image-preview":"max-image-preview:large","max-video-preview":"max-video-preview:-1"},"canonical":"https:\/\/optikapolgar.hu\/en\/offers\/szulinap-a-szalonban\/","og_locale":"en_GB","og_type":"article","og_title":"Sz\u00fclinap a Szalonban!","og_description":"Id\u00e9n 3. \u00e9ve , hogy a Szalon Bud\u00e1ra k\u00f6lt\u00f6z\u00f6tt! Szeretn\u00e9nk Veletek \u00fcnnepelni ezt a sz\u00fclinapot is, \u00e9s szeretettel megh\u00edvunk az egy hetes bulinkra:)November 25 - 28. k\u00f6z\u00f6tt bemutat\u00f3 napokat tartunk: az Orgreen keretek teljes palett\u00e1ja megtekinthet\u0151, felpr\u00f3b\u00e1lhat\u00f3, \u00e9s megv\u00e1s\u00e1rolhat\u00f3 term\u00e9szetesen, melyet pr\u00e9mium lencs\u00e9kkel eg\u00e9sz\u00edt\u00fcnk ki, a Ti ig\u00e9nyeiteknek megfelel\u0151en! Ha valami igaz\u00e1n egyedire v\u00e1gysz, akkor ez a h\u00e9t a Te heted!A rendel\u00e9s teljes v\u00e9g\u00f6sszeg\u00e9b\u0151l ezen az 5 napon 30% kedvezm\u00e9nyt biztos\u00edtunk.K\u00e1v\u00e9, s\u00fcti, pogi b\u0151ven lesz, m\u00e1r csak Te hi\u00e1nyzol!A r\u00e9szv\u00e9teli sz\u00e1nd\u00e9kod id\u0151pontfoglal\u00e1ssal er\u0151s\u00edtsd meg, miel\u0151tt \u00e9rkezn\u00e9l, \u00e9s pr\u00f3b\u00e1lgatn\u00e1l. A szolg\u00e1ltat\u00e1saink k\u00f6z\u00fcl a 3D L\u00e1t\u00e1svizsg\u00e1latot, \u00e9s \/ vagy a Konzult\u00e1ci\u00f3t v\u00e1laszd ki!Nagyon sok szeretettel v\u00e1runk, k\u00f6sz\u00f6nj\u00fck, hogy vel\u00fcnk \u00fcnnepelsz!","og_url":"https:\/\/optikapolgar.hu\/en\/offers\/szulinap-a-szalonban\/","og_site_name":"Polg\u00e1r Optika - L\u00e1t\u00e1sgondoz\u00e1s Szalon","article_publisher":"https:\/\/www.facebook.com\/polgaroptika","article_modified_time":"2025-02-04T09:59:46+00:00","twitter_card":"summary_large_image","twitter_misc":{"Estimated reading time":"1 minute"},"schema":{"@context":"https:\/\/schema.org","@graph":[{"@type":"WebPage","@id":"https:\/\/optikapolgar.hu\/akcio\/szulinap-a-szalonban\/","url":"https:\/\/optikapolgar.hu\/akcio\/szulinap-a-szalonban\/","name":"Sz\u00fclinap a Szalonban! - Polg\u00e1r Optika - L\u00e1t\u00e1sgondoz\u00e1s Szalon","isPartOf":{"@id":"https:\/\/optikapolgar.hu\/#website"},"datePublished":"2024-11-18T08:49:57+00:00","dateModified":"2025-02-04T09:59:46+00:00","description":"Id\u00e9n 3. \u00e9ve , hogy a Szalon Bud\u00e1ra k\u00f6lt\u00f6z\u00f6tt! Szeretn\u00e9nk Veletek \u00fcnnepelni ezt a sz\u00fclinapot is, \u00e9s szeretettel megh\u00edvunk az egy hetes bulinkra:)November 25 - 28. k\u00f6z\u00f6tt bemutat\u00f3 napokat tartunk: az Orgreen keretek teljes palett\u00e1ja megtekinthet\u0151, felpr\u00f3b\u00e1lhat\u00f3, \u00e9s megv\u00e1s\u00e1rolhat\u00f3 term\u00e9szetesen, melyet pr\u00e9mium lencs\u00e9kkel eg\u00e9sz\u00edt\u00fcnk ki, a Ti ig\u00e9nyeiteknek megfelel\u0151en! Ha valami igaz\u00e1n egyedire v\u00e1gysz, akkor ez a h\u00e9t a Te heted!A rendel\u00e9s teljes v\u00e9g\u00f6sszeg\u00e9b\u0151l ezen az 5 napon 30% kedvezm\u00e9nyt biztos\u00edtunk.K\u00e1v\u00e9, s\u00fcti, pogi b\u0151ven lesz, m\u00e1r csak Te hi\u00e1nyzol!A r\u00e9szv\u00e9teli sz\u00e1nd\u00e9kod id\u0151pontfoglal\u00e1ssal er\u0151s\u00edtsd meg, miel\u0151tt \u00e9rkezn\u00e9l, \u00e9s pr\u00f3b\u00e1lgatn\u00e1l. A szolg\u00e1ltat\u00e1saink k\u00f6z\u00fcl a 3D L\u00e1t\u00e1svizsg\u00e1latot, \u00e9s \/ vagy a Konzult\u00e1ci\u00f3t v\u00e1laszd ki!Nagyon sok szeretettel v\u00e1runk, k\u00f6sz\u00f6nj\u00fck, hogy vel\u00fcnk \u00fcnnepelsz!","breadcrumb":{"@id":"https:\/\/optikapolgar.hu\/akcio\/szulinap-a-szalonban\/#breadcrumb"},"inLanguage":"en-GB","potentialAction":[{"@type":"ReadAction","target":["https:\/\/optikapolgar.hu\/akcio\/szulinap-a-szalonban\/"]}]},{"@type":"BreadcrumbList","@id":"https:\/\/optikapolgar.hu\/akcio\/szulinap-a-szalonban\/#breadcrumb","itemListElement":[{"@type":"ListItem","position":1,"name":"Home","item":"https:\/\/optikapolgar.hu\/"},{"@type":"ListItem","position":2,"name":"Akci\u00f3","item":"https:\/\/optikapolgar.hu\/akcio\/"},{"@type":"ListItem","position":3,"name":"Sz\u00fclinap a Szalonban!"}]},{"@type":"WebSite","@id":"https:\/\/optikapolgar.hu\/#website","url":"https:\/\/optikapolgar.hu\/","name":"Polg\u00e1r Optika - L\u00e1t\u00e1sgondoz\u00e1s Szalon","description":"Polgar Optics","publisher":{"@id":"https:\/\/optikapolgar.hu\/#organization"},"potentialAction":[{"@type":"SearchAction","target":{"@type":"EntryPoint","urlTemplate":"https:\/\/optikapolgar.hu\/?s={search_term_string}"},"query-input":{"@type":"PropertyValueSpecification","valueRequired":true,"valueName":"search_term_string"}}],"inLanguage":"en-GB"},{"@type":"Organization","@id":"https:\/\/optikapolgar.hu\/#organization","name":"Polg\u00e1r Optika - L\u00e1t\u00e1sgondoz\u00e1s Szalon","url":"https:\/\/optikapolgar.hu\/","logo":{"@type":"ImageObject","inLanguage":"en-GB","@id":"https:\/\/optikapolgar.hu\/#\/schema\/logo\/image\/","url":"https:\/\/optikapolgar.hu\/wp-content\/uploads\/2022\/06\/PolgarOptika_logo_arany.svg","contentUrl":"https:\/\/optikapolgar.hu\/wp-content\/uploads\/2022\/06\/PolgarOptika_logo_arany.svg","width":206,"height":208,"caption":"Polg\u00e1r Optika - L\u00e1t\u00e1sgondoz\u00e1s Szalon"},"image":{"@id":"https:\/\/optikapolgar.hu\/#\/schema\/logo\/image\/"},"sameAs":["https:\/\/www.facebook.com\/polgaroptika","https:\/\/instagram.com\/polgar_optika?igshid=YmMyMTA2M2Y="]}]}},"_links":{"self":[{"href":"https:\/\/optikapolgar.hu\/en\/wp-json\/wp\/v2\/akcio\/2811","targetHints":{"allow":["GET"]}}],"collection":[{"href":"https:\/\/optikapolgar.hu\/en\/wp-json\/wp\/v2\/akcio"}],"about":[{"href":"https:\/\/optikapolgar.hu\/en\/wp-json\/wp\/v2\/types\/akcio"}],"wp:attachment":[{"href":"https:\/\/optikapolgar.hu\/en\/wp-json\/wp\/v2\/media?parent=2811"}],"curies":[{"name":"wp","href":"https:\/\/api.w.org\/{rel}","templated":true}]}}