{"id":2881,"date":"2025-03-07T11:24:37","date_gmt":"2025-03-07T10:24:37","guid":{"rendered":"https:\/\/optikapolgar.hu\/?post_type=akcio&#038;p=2881"},"modified":"2025-03-18T15:54:39","modified_gmt":"2025-03-18T14:54:39","slug":"glasses","status":"publish","type":"akcio","link":"https:\/\/optikapolgar.hu\/en\/akcio\/szemuveg\/","title":{"rendered":"Eye glass"},"content":{"rendered":"<p>Tavasz k\u00f6zeledt\u00e9vel egy remek aj\u00e1nlattal szeretn\u00e9nk inspir\u00e1lni T\u00e9ged! Ha egy ideje gondolkozol azon, hogy \u00faj szem\u00fcveget k\u00e9sz\u00edttess, akkor most v\u00e1gj bele mindenk\u00e9pp!<\/p>\n\n\n\n<p>Aj\u00e1nlatunkban a v\u00e9kony\u00edtott lencs\u00e9ket szeretn\u00e9nk kiemelni, \u00e9s a napszem\u00fcveglencs\u00e9ket , mely mag\u00e1ban foglalja a f\u00e9nyre s\u00f6t\u00e9ted\u0151, AdaptiveSun, \u00e9s polariz\u00e1lt napv\u00e9d\u0151 lencs\u00e9ket is!<\/p>\n\n\n\n<p><a href=\"https:\/\/www.instagram.com\/p\/DHA7kTNC6cM\/\">\u00c1prilis 30-ig a fent nevezett szem\u00fcveglencs\u00e9ket -20% kedvezm\u00e9nnyel k\u00edn\u00e1ljuk, szem\u00fcvegkereteinkb\u0151l pedig -15% kedvezm\u00e9nyt biztos\u00edtunk<\/a>!<\/p>\n\n\n\n<p>Foglalj id\u0151pontot, hogy megtervezhess\u00fck szem\u00fcvegedet, \u00e9s elv\u00e9gezhess\u00fck a l\u00e1t\u00e1svizsg\u00e1latodat!<\/p>\n\n\n\n<p>Szeretettel v\u00e1runk!<\/p>\n\n\n\n<p><\/p>","protected":false},"template":"","class_list":["post-2881","akcio","type-akcio","status-publish","hentry"],"yoast_head":"<!-- This site is optimized with the Yoast SEO Premium plugin v27.2 (Yoast SEO v27.3) - https:\/\/yoast.com\/product\/yoast-seo-premium-wordpress\/ -->\n<title>Szem\u00fcveg - Polg\u00e1r Optika - L\u00e1t\u00e1sgondoz\u00e1s Szalon<\/title>\n<meta name=\"description\" content=\"Tavasz k\u00f6zeledt\u00e9vel egy remek aj\u00e1nlattal szeretn\u00e9nk inspir\u00e1lni T\u00e9ged! Ha egy ideje gondolkozol azon, hogy \u00faj szem\u00fcveget k\u00e9sz\u00edttess, akkor most v\u00e1gj bele mindenk\u00e9pp!Aj\u00e1nlatunkban a v\u00e9kony\u00edtott lencs\u00e9ket szeretn\u00e9nk kiemelni, \u00e9s a napszem\u00fcveglencs\u00e9ket , mely mag\u00e1ban foglalja a f\u00e9nyre s\u00f6t\u00e9ted\u0151, AdaptiveSun, \u00e9s polariz\u00e1lt napv\u00e9d\u0151 lencs\u00e9ket is!\u00c1prilis 30-ig a fent nevezett szem\u00fcveglencs\u00e9ket -20% kedvezm\u00e9nnyel k\u00edn\u00e1ljuk, szem\u00fcvegkereteinkb\u0151l pedig -15% kedvezm\u00e9nyt bizts\u00edtunk!Foglalj id\u0151pontot, hogy megtervezhess\u00fck szem\u00fcvegedet, \u00e9s elv\u00e9gezhess\u00fck a l\u00e1t\u00e1svizsg\u00e1latodat!Szeretettel v\u00e1runk!\" \/>\n<meta name=\"robots\" content=\"index, follow, max-snippet:-1, max-image-preview:large, max-video-preview:-1\" \/>\n<link rel=\"canonical\" href=\"https:\/\/optikapolgar.hu\/en\/offers\/glasses\/\" \/>\n<meta property=\"og:locale\" content=\"en_GB\" \/>\n<meta property=\"og:type\" content=\"article\" \/>\n<meta property=\"og:title\" content=\"Szem\u00fcveg\" \/>\n<meta property=\"og:description\" content=\"Tavasz k\u00f6zeledt\u00e9vel egy remek aj\u00e1nlattal szeretn\u00e9nk inspir\u00e1lni T\u00e9ged! Ha egy ideje gondolkozol azon, hogy \u00faj szem\u00fcveget k\u00e9sz\u00edttess, akkor most v\u00e1gj bele mindenk\u00e9pp!Aj\u00e1nlatunkban a v\u00e9kony\u00edtott lencs\u00e9ket szeretn\u00e9nk kiemelni, \u00e9s a napszem\u00fcveglencs\u00e9ket , mely mag\u00e1ban foglalja a f\u00e9nyre s\u00f6t\u00e9ted\u0151, AdaptiveSun, \u00e9s polariz\u00e1lt napv\u00e9d\u0151 lencs\u00e9ket is!\u00c1prilis 30-ig a fent nevezett szem\u00fcveglencs\u00e9ket -20% kedvezm\u00e9nnyel k\u00edn\u00e1ljuk, szem\u00fcvegkereteinkb\u0151l pedig -15% kedvezm\u00e9nyt bizts\u00edtunk!Foglalj id\u0151pontot, hogy megtervezhess\u00fck szem\u00fcvegedet, \u00e9s elv\u00e9gezhess\u00fck a l\u00e1t\u00e1svizsg\u00e1latodat!Szeretettel v\u00e1runk!\" \/>\n<meta property=\"og:url\" content=\"https:\/\/optikapolgar.hu\/en\/offers\/glasses\/\" \/>\n<meta property=\"og:site_name\" content=\"Polg\u00e1r Optika - L\u00e1t\u00e1sgondoz\u00e1s Szalon\" \/>\n<meta property=\"article:publisher\" content=\"https:\/\/www.facebook.com\/polgaroptika\" \/>\n<meta property=\"article:modified_time\" content=\"2025-03-18T14:54:39+00:00\" \/>\n<meta name=\"twitter:card\" content=\"summary_large_image\" \/>\n<meta name=\"twitter:label1\" content=\"Estimated reading time\" \/>\n\t<meta name=\"twitter:data1\" content=\"1 minute\" \/>\n<script type=\"application\/ld+json\" class=\"yoast-schema-graph\">{\"@context\":\"https:\\\/\\\/schema.org\",\"@graph\":[{\"@type\":\"WebPage\",\"@id\":\"https:\\\/\\\/optikapolgar.hu\\\/akcio\\\/szemuveg\\\/\",\"url\":\"https:\\\/\\\/optikapolgar.hu\\\/akcio\\\/szemuveg\\\/\",\"name\":\"Szem\u00fcveg - Polg\u00e1r Optika - L\u00e1t\u00e1sgondoz\u00e1s Szalon\",\"isPartOf\":{\"@id\":\"https:\\\/\\\/optikapolgar.hu\\\/#website\"},\"datePublished\":\"2025-03-07T10:24:37+00:00\",\"dateModified\":\"2025-03-18T14:54:39+00:00\",\"description\":\"Tavasz k\u00f6zeledt\u00e9vel egy remek aj\u00e1nlattal szeretn\u00e9nk inspir\u00e1lni T\u00e9ged! Ha egy ideje gondolkozol azon, hogy \u00faj szem\u00fcveget k\u00e9sz\u00edttess, akkor most v\u00e1gj bele mindenk\u00e9pp!Aj\u00e1nlatunkban a v\u00e9kony\u00edtott lencs\u00e9ket szeretn\u00e9nk kiemelni, \u00e9s a napszem\u00fcveglencs\u00e9ket , mely mag\u00e1ban foglalja a f\u00e9nyre s\u00f6t\u00e9ted\u0151, AdaptiveSun, \u00e9s polariz\u00e1lt napv\u00e9d\u0151 lencs\u00e9ket is!\u00c1prilis 30-ig a fent nevezett szem\u00fcveglencs\u00e9ket -20% kedvezm\u00e9nnyel k\u00edn\u00e1ljuk, szem\u00fcvegkereteinkb\u0151l pedig -15% kedvezm\u00e9nyt bizts\u00edtunk!Foglalj id\u0151pontot, hogy megtervezhess\u00fck szem\u00fcvegedet, \u00e9s elv\u00e9gezhess\u00fck a l\u00e1t\u00e1svizsg\u00e1latodat!Szeretettel v\u00e1runk!\",\"breadcrumb\":{\"@id\":\"https:\\\/\\\/optikapolgar.hu\\\/akcio\\\/szemuveg\\\/#breadcrumb\"},\"inLanguage\":\"en-GB\",\"potentialAction\":[{\"@type\":\"ReadAction\",\"target\":[\"https:\\\/\\\/optikapolgar.hu\\\/akcio\\\/szemuveg\\\/\"]}]},{\"@type\":\"BreadcrumbList\",\"@id\":\"https:\\\/\\\/optikapolgar.hu\\\/akcio\\\/szemuveg\\\/#breadcrumb\",\"itemListElement\":[{\"@type\":\"ListItem\",\"position\":1,\"name\":\"Home\",\"item\":\"https:\\\/\\\/optikapolgar.hu\\\/\"},{\"@type\":\"ListItem\",\"position\":2,\"name\":\"Akci\u00f3\",\"item\":\"https:\\\/\\\/optikapolgar.hu\\\/akcio\\\/\"},{\"@type\":\"ListItem\",\"position\":3,\"name\":\"Szem\u00fcveg\"}]},{\"@type\":\"WebSite\",\"@id\":\"https:\\\/\\\/optikapolgar.hu\\\/#website\",\"url\":\"https:\\\/\\\/optikapolgar.hu\\\/\",\"name\":\"Polg\u00e1r Optika - L\u00e1t\u00e1sgondoz\u00e1s Szalon\",\"description\":\"Polg\u00e1r Optika\",\"publisher\":{\"@id\":\"https:\\\/\\\/optikapolgar.hu\\\/#organization\"},\"potentialAction\":[{\"@type\":\"SearchAction\",\"target\":{\"@type\":\"EntryPoint\",\"urlTemplate\":\"https:\\\/\\\/optikapolgar.hu\\\/?s={search_term_string}\"},\"query-input\":{\"@type\":\"PropertyValueSpecification\",\"valueRequired\":true,\"valueName\":\"search_term_string\"}}],\"inLanguage\":\"en-GB\"},{\"@type\":\"Organization\",\"@id\":\"https:\\\/\\\/optikapolgar.hu\\\/#organization\",\"name\":\"Polg\u00e1r Optika - L\u00e1t\u00e1sgondoz\u00e1s Szalon\",\"url\":\"https:\\\/\\\/optikapolgar.hu\\\/\",\"logo\":{\"@type\":\"ImageObject\",\"inLanguage\":\"en-GB\",\"@id\":\"https:\\\/\\\/optikapolgar.hu\\\/#\\\/schema\\\/logo\\\/image\\\/\",\"url\":\"https:\\\/\\\/optikapolgar.hu\\\/wp-content\\\/uploads\\\/2022\\\/06\\\/PolgarOptika_logo_arany.svg\",\"contentUrl\":\"https:\\\/\\\/optikapolgar.hu\\\/wp-content\\\/uploads\\\/2022\\\/06\\\/PolgarOptika_logo_arany.svg\",\"width\":206,\"height\":208,\"caption\":\"Polg\u00e1r Optika - L\u00e1t\u00e1sgondoz\u00e1s Szalon\"},\"image\":{\"@id\":\"https:\\\/\\\/optikapolgar.hu\\\/#\\\/schema\\\/logo\\\/image\\\/\"},\"sameAs\":[\"https:\\\/\\\/www.facebook.com\\\/polgaroptika\",\"https:\\\/\\\/instagram.com\\\/polgar_optika?igshid=YmMyMTA2M2Y=\"]}]}<\/script>\n<!-- \/ Yoast SEO Premium plugin. -->","yoast_head_json":{"title":"Szem\u00fcveg - Polg\u00e1r Optika - L\u00e1t\u00e1sgondoz\u00e1s Szalon","description":"Tavasz k\u00f6zeledt\u00e9vel egy remek aj\u00e1nlattal szeretn\u00e9nk inspir\u00e1lni T\u00e9ged! Ha egy ideje gondolkozol azon, hogy \u00faj szem\u00fcveget k\u00e9sz\u00edttess, akkor most v\u00e1gj bele mindenk\u00e9pp!Aj\u00e1nlatunkban a v\u00e9kony\u00edtott lencs\u00e9ket szeretn\u00e9nk kiemelni, \u00e9s a napszem\u00fcveglencs\u00e9ket , mely mag\u00e1ban foglalja a f\u00e9nyre s\u00f6t\u00e9ted\u0151, AdaptiveSun, \u00e9s polariz\u00e1lt napv\u00e9d\u0151 lencs\u00e9ket is!\u00c1prilis 30-ig a fent nevezett szem\u00fcveglencs\u00e9ket -20% kedvezm\u00e9nnyel k\u00edn\u00e1ljuk, szem\u00fcvegkereteinkb\u0151l pedig -15% kedvezm\u00e9nyt bizts\u00edtunk!Foglalj id\u0151pontot, hogy megtervezhess\u00fck szem\u00fcvegedet, \u00e9s elv\u00e9gezhess\u00fck a l\u00e1t\u00e1svizsg\u00e1latodat!Szeretettel v\u00e1runk!","robots":{"index":"index","follow":"follow","max-snippet":"max-snippet:-1","max-image-preview":"max-image-preview:large","max-video-preview":"max-video-preview:-1"},"canonical":"https:\/\/optikapolgar.hu\/en\/offers\/glasses\/","og_locale":"en_GB","og_type":"article","og_title":"Szem\u00fcveg","og_description":"Tavasz k\u00f6zeledt\u00e9vel egy remek aj\u00e1nlattal szeretn\u00e9nk inspir\u00e1lni T\u00e9ged! Ha egy ideje gondolkozol azon, hogy \u00faj szem\u00fcveget k\u00e9sz\u00edttess, akkor most v\u00e1gj bele mindenk\u00e9pp!Aj\u00e1nlatunkban a v\u00e9kony\u00edtott lencs\u00e9ket szeretn\u00e9nk kiemelni, \u00e9s a napszem\u00fcveglencs\u00e9ket , mely mag\u00e1ban foglalja a f\u00e9nyre s\u00f6t\u00e9ted\u0151, AdaptiveSun, \u00e9s polariz\u00e1lt napv\u00e9d\u0151 lencs\u00e9ket is!\u00c1prilis 30-ig a fent nevezett szem\u00fcveglencs\u00e9ket -20% kedvezm\u00e9nnyel k\u00edn\u00e1ljuk, szem\u00fcvegkereteinkb\u0151l pedig -15% kedvezm\u00e9nyt bizts\u00edtunk!Foglalj id\u0151pontot, hogy megtervezhess\u00fck szem\u00fcvegedet, \u00e9s elv\u00e9gezhess\u00fck a l\u00e1t\u00e1svizsg\u00e1latodat!Szeretettel v\u00e1runk!","og_url":"https:\/\/optikapolgar.hu\/en\/offers\/glasses\/","og_site_name":"Polg\u00e1r Optika - L\u00e1t\u00e1sgondoz\u00e1s Szalon","article_publisher":"https:\/\/www.facebook.com\/polgaroptika","article_modified_time":"2025-03-18T14:54:39+00:00","twitter_card":"summary_large_image","twitter_misc":{"Estimated reading time":"1 minute"},"schema":{"@context":"https:\/\/schema.org","@graph":[{"@type":"WebPage","@id":"https:\/\/optikapolgar.hu\/akcio\/szemuveg\/","url":"https:\/\/optikapolgar.hu\/akcio\/szemuveg\/","name":"Szem\u00fcveg - Polg\u00e1r Optika - L\u00e1t\u00e1sgondoz\u00e1s Szalon","isPartOf":{"@id":"https:\/\/optikapolgar.hu\/#website"},"datePublished":"2025-03-07T10:24:37+00:00","dateModified":"2025-03-18T14:54:39+00:00","description":"Tavasz k\u00f6zeledt\u00e9vel egy remek aj\u00e1nlattal szeretn\u00e9nk inspir\u00e1lni T\u00e9ged! Ha egy ideje gondolkozol azon, hogy \u00faj szem\u00fcveget k\u00e9sz\u00edttess, akkor most v\u00e1gj bele mindenk\u00e9pp!Aj\u00e1nlatunkban a v\u00e9kony\u00edtott lencs\u00e9ket szeretn\u00e9nk kiemelni, \u00e9s a napszem\u00fcveglencs\u00e9ket , mely mag\u00e1ban foglalja a f\u00e9nyre s\u00f6t\u00e9ted\u0151, AdaptiveSun, \u00e9s polariz\u00e1lt napv\u00e9d\u0151 lencs\u00e9ket is!\u00c1prilis 30-ig a fent nevezett szem\u00fcveglencs\u00e9ket -20% kedvezm\u00e9nnyel k\u00edn\u00e1ljuk, szem\u00fcvegkereteinkb\u0151l pedig -15% kedvezm\u00e9nyt bizts\u00edtunk!Foglalj id\u0151pontot, hogy megtervezhess\u00fck szem\u00fcvegedet, \u00e9s elv\u00e9gezhess\u00fck a l\u00e1t\u00e1svizsg\u00e1latodat!Szeretettel v\u00e1runk!","breadcrumb":{"@id":"https:\/\/optikapolgar.hu\/akcio\/szemuveg\/#breadcrumb"},"inLanguage":"en-GB","potentialAction":[{"@type":"ReadAction","target":["https:\/\/optikapolgar.hu\/akcio\/szemuveg\/"]}]},{"@type":"BreadcrumbList","@id":"https:\/\/optikapolgar.hu\/akcio\/szemuveg\/#breadcrumb","itemListElement":[{"@type":"ListItem","position":1,"name":"Home","item":"https:\/\/optikapolgar.hu\/"},{"@type":"ListItem","position":2,"name":"Akci\u00f3","item":"https:\/\/optikapolgar.hu\/akcio\/"},{"@type":"ListItem","position":3,"name":"Szem\u00fcveg"}]},{"@type":"WebSite","@id":"https:\/\/optikapolgar.hu\/#website","url":"https:\/\/optikapolgar.hu\/","name":"Polg\u00e1r Optika - L\u00e1t\u00e1sgondoz\u00e1s Szalon","description":"Polgar Optics","publisher":{"@id":"https:\/\/optikapolgar.hu\/#organization"},"potentialAction":[{"@type":"SearchAction","target":{"@type":"EntryPoint","urlTemplate":"https:\/\/optikapolgar.hu\/?s={search_term_string}"},"query-input":{"@type":"PropertyValueSpecification","valueRequired":true,"valueName":"search_term_string"}}],"inLanguage":"en-GB"},{"@type":"Organization","@id":"https:\/\/optikapolgar.hu\/#organization","name":"Polg\u00e1r Optika - L\u00e1t\u00e1sgondoz\u00e1s Szalon","url":"https:\/\/optikapolgar.hu\/","logo":{"@type":"ImageObject","inLanguage":"en-GB","@id":"https:\/\/optikapolgar.hu\/#\/schema\/logo\/image\/","url":"https:\/\/optikapolgar.hu\/wp-content\/uploads\/2022\/06\/PolgarOptika_logo_arany.svg","contentUrl":"https:\/\/optikapolgar.hu\/wp-content\/uploads\/2022\/06\/PolgarOptika_logo_arany.svg","width":206,"height":208,"caption":"Polg\u00e1r Optika - L\u00e1t\u00e1sgondoz\u00e1s Szalon"},"image":{"@id":"https:\/\/optikapolgar.hu\/#\/schema\/logo\/image\/"},"sameAs":["https:\/\/www.facebook.com\/polgaroptika","https:\/\/instagram.com\/polgar_optika?igshid=YmMyMTA2M2Y="]}]}},"_links":{"self":[{"href":"https:\/\/optikapolgar.hu\/en\/wp-json\/wp\/v2\/akcio\/2881","targetHints":{"allow":["GET"]}}],"collection":[{"href":"https:\/\/optikapolgar.hu\/en\/wp-json\/wp\/v2\/akcio"}],"about":[{"href":"https:\/\/optikapolgar.hu\/en\/wp-json\/wp\/v2\/types\/akcio"}],"wp:attachment":[{"href":"https:\/\/optikapolgar.hu\/en\/wp-json\/wp\/v2\/media?parent=2881"}],"curies":[{"name":"wp","href":"https:\/\/api.w.org\/{rel}","templated":true}]}}