{"id":3126,"date":"2025-10-01T11:11:26","date_gmt":"2025-10-01T09:11:26","guid":{"rendered":"https:\/\/optikapolgar.hu\/?post_type=akcio&#038;p=3126"},"modified":"2025-11-19T00:04:44","modified_gmt":"2025-11-18T23:04:44","slug":"latas-honapja-nezz-korul-nalunk","status":"publish","type":"akcio","link":"https:\/\/optikapolgar.hu\/en\/akcio\/latas-honapja-nezz-korul-nalunk\/","title":{"rendered":"A l\u00e1t\u00e1s h\u00f3napja 2025"},"content":{"rendered":"<p><\/p>\n\n\n\n<p>Do you wear glasses too? Then you know exactly what it\u2019s like when\u2026<\/p>\n\n\n\n<p>\ud83d\udc49 You constantly have to switch between your glasses, and somehow none of them feel quite right.<\/p>\n\n\n\n<p>\ud83d\udc49 That awful feeling when your neck starts to suffer from leaning and shifting in front of the monitor.<\/p>\n\n\n\n<p>\ud83d\udc49 Your head hurts nonstop, and you constantly find yourself squinting.<\/p>\n\n\n\n<p>\ud83d\udc49 With tired eyes, you just can\u2019t see clearly anymore, and you feel uncertain while driving.<\/p>\n\n\n\n<p>\u2728 We have great news for you! \u2728<\/p>\n\n\n\n<p>With our 1+1 lens offer, we prepare your eyes for every situation in life \u2014 so you won\u2019t have to make any more compromises!<\/p>\n\n\n\n<p>\u2705 With our premium multifocal lenses, we provide ultra-sharp, effortless vision at every distance!<\/p>\n\n\n\n<p>The lens is made with premium coatings, includes blue light filtering and UV protection, and thanks to the latest DuraVision Gold layer, it is extremely durable and easy to clean.<\/p>\n\n\n\n<p>Working a lot?<\/p>\n\n\n\n<p>\u2705 And that\u2019s why the second pair of office work lenses is offered with a 60% discount!<\/p>\n\n\n\n<p>This lens provides crystal-clear vision not only for reading and screen use, but also for larger indoor distances!<\/p>\n\n\n\n<p>With this 1+1 promotion, you can truly say goodbye forever to:<\/p>\n\n\n\n<p>\u274c neck and headaches<\/p>\n\n\n\n<p>\u274c Uncomfortable, spine-straining posture<\/p>\n\n\n\n<p>\u274c Constantly switching between different glasses<\/p>\n\n\n\n<p>\u274c Blurry vision and constant squinting<\/p>\n\n\n\n<p>\ud83d\udca1 Because you\u2019ll finally have the perfect pair of glasses for every situation: for everyday life and for work too!<\/p>\n\n\n\n<p>\u2757But we\u2019re not stopping here! \u2757<\/p>\n\n\n\n<p>If you take advantage of the 1+1 promotion now, you will also receive a complimentary full premium 3D vision examination as a bonus!<\/p>\n\n\n\n<p>\u2757And that\u2019s still not all! \u2757<\/p>\n\n\n\n<p>\u2b50 During the campaign period, the 3D vision examination is available with a 50% discount \u2014 regardless of whether you use the 1+1 promotion! \u2b50<\/p>\n\n\n\n<p>\ud83d\udc49 Book your appointment today and experience the difference!<\/p>\n\n\n\n<p><\/p>","protected":false},"template":"","class_list":["post-3126","akcio","type-akcio","status-publish","hentry"],"yoast_head":"<!-- This site is optimized with the Yoast SEO Premium plugin v27.2 (Yoast SEO v27.3) - https:\/\/yoast.com\/product\/yoast-seo-premium-wordpress\/ -->\n<title>A l\u00e1t\u00e1s h\u00f3napja 2025 - Polg\u00e1r Optika - L\u00e1t\u00e1sgondoz\u00e1s Szalon<\/title>\n<meta name=\"description\" content=\"Te is szem\u00fcveges vagy? Akkor pontosan tudod, milyen az, amikor\u2026\ud83d\udc49 \u00c1lland\u00f3an cser\u00e9lgetned kell a szem\u00fcveged, \u00e9s valahogy egyik sem az igazi.\ud83d\udc49 Sz\u00f6rny\u0171 \u00e9rz\u00e9s, ahogy t\u00f6nkreteszi a nyakad a monitor el\u0151tti d\u0151l\u00f6ng\u00e9l\u00e9s.\ud83d\udc49 Meg\u00e1ll\u00e1s n\u00e9lk\u00fcl f\u00e1j a fejed, \u00e9s folyamatosan hunyorognod kell.\ud83d\udc49 F\u00e1radt szemekkel m\u00e1r sehogy sem l\u00e1tsz tiszt\u00e1n, vezet\u00e9s k\u00f6zben pedig bizonytalannak \u00e9rzed magad.\u2728 J\u00f3 h\u00edr\u00fcnk van a sz\u00e1modra! \u2728Az 1+1 lencse aj\u00e1nlatunkkal minden \u00e9lethelyzetre felk\u00e9sz\u00edtj\u00fck a szemedet, hogy ne kelljen t\u00f6bb kompromisszumot k\u00f6tn\u00f6d!\u2705 A pr\u00e9mium multifok\u00e1lis lencs\u00e9nkkel szuper\u00e9les \u00e9s tehermentes l\u00e1t\u00e1st biztos\u00edtunk minden t\u00e1vols\u00e1gra!A lencse pr\u00e9mium fel\u00fcletkezel\u00e9ssel k\u00e9sz\u00fcl, k\u00e9kf\u00e9nysz\u0171r\u00e9st \u00e9s UV-v\u00e9delmet tartalmaz, a leg\u00fajabb Duravision Gold r\u00e9tegnek k\u00f6sz\u00f6nhet\u0151en pedig rendk\u00edv\u00fcl tart\u00f3s \u00e9s k\u00f6nnyen tiszt\u00edthat\u00f3.\ud83d\udcbb Sokat dolgozol?\u2705 \u00c9ppen ez\u00e9rt a m\u00e1sodik, irodai munkaszem\u00fcveglencs\u00e9t -60% kedvezm\u00e9nnyel adjuk!Ez a lencse nemcsak olvas\u00e1shoz \u00e9s k\u00e9perny\u0151haszn\u00e1lathoz, hanem belt\u00e9ri nagyobb t\u00e1vols\u00e1gokra is krist\u00e1lytiszta l\u00e1t\u00e1st biztos\u00edt a sz\u00e1modra!Ezzel az 1+1 akci\u00f3val t\u00e9nyleg \u00f6r\u00f6kre b\u00facs\u00fat mondhatsz:\u274c Nyak- \u00e9s fejf\u00e1j\u00e1snak\u274c K\u00e9nyelmetlen, gerincet terhel\u0151 testtart\u00e1snak\u274c \u00c1lland\u00f3 szem\u00fcvegcser\u00e9lget\u00e9snek\u274c Hom\u00e1lyos l\u00e1t\u00e1snak, hunyorg\u00e1snak\ud83d\udca1 Mert v\u00e9gre minden helyzetre lesz egy t\u00f6k\u00e9letes szem\u00fcveged: a mindennapokra \u00e9s a munk\u00e1hoz is!\u2757De itt m\u00e9g nem \u00e1llunk meg! \u2757Ha most ig\u00e9nybe veszed az 1+1 akci\u00f3t akkor b\u00f3nuszk\u00e9nt adunk neked egy d\u00edjmentes, teljesk\u00f6r\u0171 pr\u00e9mium 3D l\u00e1t\u00e1svizsg\u00e1latot! \u2757\u00c9s ez m\u00e9g mindig nem minden! \u2757\u2b50 A kamp\u00e1ny ideje alatt a 3D l\u00e1t\u00e1svizsg\u00e1lat -50% kedvezm\u00e9nnyel vehet\u0151 ig\u00e9nybe, az 1+1 akci\u00f3t\u00f3l f\u00fcggetlen\u00fcl! \ud83d\udc49 K\u00e9rj id\u0151pontot m\u00e9g ma, \u00e9s tapasztald meg a k\u00fcl\u00f6nbs\u00e9get!\" \/>\n<meta name=\"robots\" content=\"index, follow, max-snippet:-1, max-image-preview:large, max-video-preview:-1\" \/>\n<link rel=\"canonical\" href=\"https:\/\/optikapolgar.hu\/en\/offers\/latas-honapja-nezz-korul-nalunk\/\" \/>\n<meta property=\"og:locale\" content=\"en_GB\" \/>\n<meta property=\"og:type\" content=\"article\" \/>\n<meta property=\"og:title\" content=\"A l\u00e1t\u00e1s h\u00f3napja 2025\" \/>\n<meta property=\"og:description\" content=\"Te is szem\u00fcveges vagy? Akkor pontosan tudod, milyen az, amikor\u2026\ud83d\udc49 \u00c1lland\u00f3an cser\u00e9lgetned kell a szem\u00fcveged, \u00e9s valahogy egyik sem az igazi.\ud83d\udc49 Sz\u00f6rny\u0171 \u00e9rz\u00e9s, ahogy t\u00f6nkreteszi a nyakad a monitor el\u0151tti d\u0151l\u00f6ng\u00e9l\u00e9s.\ud83d\udc49 Meg\u00e1ll\u00e1s n\u00e9lk\u00fcl f\u00e1j a fejed, \u00e9s folyamatosan hunyorognod kell.\ud83d\udc49 F\u00e1radt szemekkel m\u00e1r sehogy sem l\u00e1tsz tiszt\u00e1n, vezet\u00e9s k\u00f6zben pedig bizonytalannak \u00e9rzed magad.\u2728 J\u00f3 h\u00edr\u00fcnk van a sz\u00e1modra! \u2728Az 1+1 lencse aj\u00e1nlatunkkal minden \u00e9lethelyzetre felk\u00e9sz\u00edtj\u00fck a szemedet, hogy ne kelljen t\u00f6bb kompromisszumot k\u00f6tn\u00f6d!\u2705 A pr\u00e9mium multifok\u00e1lis lencs\u00e9nkkel szuper\u00e9les \u00e9s tehermentes l\u00e1t\u00e1st biztos\u00edtunk minden t\u00e1vols\u00e1gra!A lencse pr\u00e9mium fel\u00fcletkezel\u00e9ssel k\u00e9sz\u00fcl, k\u00e9kf\u00e9nysz\u0171r\u00e9st \u00e9s UV-v\u00e9delmet tartalmaz, a leg\u00fajabb Duravision Gold r\u00e9tegnek k\u00f6sz\u00f6nhet\u0151en pedig rendk\u00edv\u00fcl tart\u00f3s \u00e9s k\u00f6nnyen tiszt\u00edthat\u00f3.\ud83d\udcbb Sokat dolgozol?\u2705 \u00c9ppen ez\u00e9rt a m\u00e1sodik, irodai munkaszem\u00fcveglencs\u00e9t -60% kedvezm\u00e9nnyel adjuk!Ez a lencse nemcsak olvas\u00e1shoz \u00e9s k\u00e9perny\u0151haszn\u00e1lathoz, hanem belt\u00e9ri nagyobb t\u00e1vols\u00e1gokra is krist\u00e1lytiszta l\u00e1t\u00e1st biztos\u00edt a sz\u00e1modra!Ezzel az 1+1 akci\u00f3val t\u00e9nyleg \u00f6r\u00f6kre b\u00facs\u00fat mondhatsz:\u274c Nyak- \u00e9s fejf\u00e1j\u00e1snak\u274c K\u00e9nyelmetlen, gerincet terhel\u0151 testtart\u00e1snak\u274c \u00c1lland\u00f3 szem\u00fcvegcser\u00e9lget\u00e9snek\u274c Hom\u00e1lyos l\u00e1t\u00e1snak, hunyorg\u00e1snak\ud83d\udca1 Mert v\u00e9gre minden helyzetre lesz egy t\u00f6k\u00e9letes szem\u00fcveged: a mindennapokra \u00e9s a munk\u00e1hoz is!\u2757De itt m\u00e9g nem \u00e1llunk meg! \u2757Ha most ig\u00e9nybe veszed az 1+1 akci\u00f3t akkor b\u00f3nuszk\u00e9nt adunk neked egy d\u00edjmentes, teljesk\u00f6r\u0171 pr\u00e9mium 3D l\u00e1t\u00e1svizsg\u00e1latot! \u2757\u00c9s ez m\u00e9g mindig nem minden! \u2757\u2b50 A kamp\u00e1ny ideje alatt a 3D l\u00e1t\u00e1svizsg\u00e1lat -50% kedvezm\u00e9nnyel vehet\u0151 ig\u00e9nybe, az 1+1 akci\u00f3t\u00f3l f\u00fcggetlen\u00fcl! \ud83d\udc49 K\u00e9rj id\u0151pontot m\u00e9g ma, \u00e9s tapasztald meg a k\u00fcl\u00f6nbs\u00e9get!\" \/>\n<meta property=\"og:url\" content=\"https:\/\/optikapolgar.hu\/en\/offers\/latas-honapja-nezz-korul-nalunk\/\" \/>\n<meta property=\"og:site_name\" content=\"Polg\u00e1r Optika - L\u00e1t\u00e1sgondoz\u00e1s Szalon\" \/>\n<meta property=\"article:publisher\" content=\"https:\/\/www.facebook.com\/polgaroptika\" \/>\n<meta property=\"article:modified_time\" content=\"2025-11-18T23:04:44+00:00\" \/>\n<meta name=\"twitter:card\" content=\"summary_large_image\" \/>\n<meta name=\"twitter:label1\" content=\"Estimated reading time\" \/>\n\t<meta name=\"twitter:data1\" content=\"2 minutes\" \/>\n<script type=\"application\/ld+json\" class=\"yoast-schema-graph\">{\"@context\":\"https:\\\/\\\/schema.org\",\"@graph\":[{\"@type\":\"WebPage\",\"@id\":\"https:\\\/\\\/optikapolgar.hu\\\/akcio\\\/latas-honapja-nezz-korul-nalunk\\\/\",\"url\":\"https:\\\/\\\/optikapolgar.hu\\\/akcio\\\/latas-honapja-nezz-korul-nalunk\\\/\",\"name\":\"A l\u00e1t\u00e1s h\u00f3napja 2025 - Polg\u00e1r Optika - L\u00e1t\u00e1sgondoz\u00e1s Szalon\",\"isPartOf\":{\"@id\":\"https:\\\/\\\/optikapolgar.hu\\\/#website\"},\"datePublished\":\"2025-10-01T09:11:26+00:00\",\"dateModified\":\"2025-11-18T23:04:44+00:00\",\"description\":\"Te is szem\u00fcveges vagy? Akkor pontosan tudod, milyen az, amikor\u2026\ud83d\udc49 \u00c1lland\u00f3an cser\u00e9lgetned kell a szem\u00fcveged, \u00e9s valahogy egyik sem az igazi.\ud83d\udc49 Sz\u00f6rny\u0171 \u00e9rz\u00e9s, ahogy t\u00f6nkreteszi a nyakad a monitor el\u0151tti d\u0151l\u00f6ng\u00e9l\u00e9s.\ud83d\udc49 Meg\u00e1ll\u00e1s n\u00e9lk\u00fcl f\u00e1j a fejed, \u00e9s folyamatosan hunyorognod kell.\ud83d\udc49 F\u00e1radt szemekkel m\u00e1r sehogy sem l\u00e1tsz tiszt\u00e1n, vezet\u00e9s k\u00f6zben pedig bizonytalannak \u00e9rzed magad.\u2728 J\u00f3 h\u00edr\u00fcnk van a sz\u00e1modra! \u2728Az 1+1 lencse aj\u00e1nlatunkkal minden \u00e9lethelyzetre felk\u00e9sz\u00edtj\u00fck a szemedet, hogy ne kelljen t\u00f6bb kompromisszumot k\u00f6tn\u00f6d!\u2705 A pr\u00e9mium multifok\u00e1lis lencs\u00e9nkkel szuper\u00e9les \u00e9s tehermentes l\u00e1t\u00e1st biztos\u00edtunk minden t\u00e1vols\u00e1gra!A lencse pr\u00e9mium fel\u00fcletkezel\u00e9ssel k\u00e9sz\u00fcl, k\u00e9kf\u00e9nysz\u0171r\u00e9st \u00e9s UV-v\u00e9delmet tartalmaz, a leg\u00fajabb Duravision Gold r\u00e9tegnek k\u00f6sz\u00f6nhet\u0151en pedig rendk\u00edv\u00fcl tart\u00f3s \u00e9s k\u00f6nnyen tiszt\u00edthat\u00f3.\ud83d\udcbb Sokat dolgozol?\u2705 \u00c9ppen ez\u00e9rt a m\u00e1sodik, irodai munkaszem\u00fcveglencs\u00e9t -60% kedvezm\u00e9nnyel adjuk!Ez a lencse nemcsak olvas\u00e1shoz \u00e9s k\u00e9perny\u0151haszn\u00e1lathoz, hanem belt\u00e9ri nagyobb t\u00e1vols\u00e1gokra is krist\u00e1lytiszta l\u00e1t\u00e1st biztos\u00edt a sz\u00e1modra!Ezzel az 1+1 akci\u00f3val t\u00e9nyleg \u00f6r\u00f6kre b\u00facs\u00fat mondhatsz:\u274c Nyak- \u00e9s fejf\u00e1j\u00e1snak\u274c K\u00e9nyelmetlen, gerincet terhel\u0151 testtart\u00e1snak\u274c \u00c1lland\u00f3 szem\u00fcvegcser\u00e9lget\u00e9snek\u274c Hom\u00e1lyos l\u00e1t\u00e1snak, hunyorg\u00e1snak\ud83d\udca1 Mert v\u00e9gre minden helyzetre lesz egy t\u00f6k\u00e9letes szem\u00fcveged: a mindennapokra \u00e9s a munk\u00e1hoz is!\u2757De itt m\u00e9g nem \u00e1llunk meg! \u2757Ha most ig\u00e9nybe veszed az 1+1 akci\u00f3t akkor b\u00f3nuszk\u00e9nt adunk neked egy d\u00edjmentes, teljesk\u00f6r\u0171 pr\u00e9mium 3D l\u00e1t\u00e1svizsg\u00e1latot! \u2757\u00c9s ez m\u00e9g mindig nem minden! \u2757\u2b50 A kamp\u00e1ny ideje alatt a 3D l\u00e1t\u00e1svizsg\u00e1lat -50% kedvezm\u00e9nnyel vehet\u0151 ig\u00e9nybe, az 1+1 akci\u00f3t\u00f3l f\u00fcggetlen\u00fcl! \ud83d\udc49 K\u00e9rj id\u0151pontot m\u00e9g ma, \u00e9s tapasztald meg a k\u00fcl\u00f6nbs\u00e9get!\",\"breadcrumb\":{\"@id\":\"https:\\\/\\\/optikapolgar.hu\\\/akcio\\\/latas-honapja-nezz-korul-nalunk\\\/#breadcrumb\"},\"inLanguage\":\"en-GB\",\"potentialAction\":[{\"@type\":\"ReadAction\",\"target\":[\"https:\\\/\\\/optikapolgar.hu\\\/akcio\\\/latas-honapja-nezz-korul-nalunk\\\/\"]}]},{\"@type\":\"BreadcrumbList\",\"@id\":\"https:\\\/\\\/optikapolgar.hu\\\/akcio\\\/latas-honapja-nezz-korul-nalunk\\\/#breadcrumb\",\"itemListElement\":[{\"@type\":\"ListItem\",\"position\":1,\"name\":\"Home\",\"item\":\"https:\\\/\\\/optikapolgar.hu\\\/\"},{\"@type\":\"ListItem\",\"position\":2,\"name\":\"Akci\u00f3\",\"item\":\"https:\\\/\\\/optikapolgar.hu\\\/akcio\\\/\"},{\"@type\":\"ListItem\",\"position\":3,\"name\":\"A l\u00e1t\u00e1s h\u00f3napja 2025\"}]},{\"@type\":\"WebSite\",\"@id\":\"https:\\\/\\\/optikapolgar.hu\\\/#website\",\"url\":\"https:\\\/\\\/optikapolgar.hu\\\/\",\"name\":\"Polg\u00e1r Optika - L\u00e1t\u00e1sgondoz\u00e1s Szalon\",\"description\":\"Polg\u00e1r Optika\",\"publisher\":{\"@id\":\"https:\\\/\\\/optikapolgar.hu\\\/#organization\"},\"potentialAction\":[{\"@type\":\"SearchAction\",\"target\":{\"@type\":\"EntryPoint\",\"urlTemplate\":\"https:\\\/\\\/optikapolgar.hu\\\/?s={search_term_string}\"},\"query-input\":{\"@type\":\"PropertyValueSpecification\",\"valueRequired\":true,\"valueName\":\"search_term_string\"}}],\"inLanguage\":\"en-GB\"},{\"@type\":\"Organization\",\"@id\":\"https:\\\/\\\/optikapolgar.hu\\\/#organization\",\"name\":\"Polg\u00e1r Optika - L\u00e1t\u00e1sgondoz\u00e1s Szalon\",\"url\":\"https:\\\/\\\/optikapolgar.hu\\\/\",\"logo\":{\"@type\":\"ImageObject\",\"inLanguage\":\"en-GB\",\"@id\":\"https:\\\/\\\/optikapolgar.hu\\\/#\\\/schema\\\/logo\\\/image\\\/\",\"url\":\"https:\\\/\\\/optikapolgar.hu\\\/wp-content\\\/uploads\\\/2022\\\/06\\\/PolgarOptika_logo_arany.svg\",\"contentUrl\":\"https:\\\/\\\/optikapolgar.hu\\\/wp-content\\\/uploads\\\/2022\\\/06\\\/PolgarOptika_logo_arany.svg\",\"width\":206,\"height\":208,\"caption\":\"Polg\u00e1r Optika - L\u00e1t\u00e1sgondoz\u00e1s Szalon\"},\"image\":{\"@id\":\"https:\\\/\\\/optikapolgar.hu\\\/#\\\/schema\\\/logo\\\/image\\\/\"},\"sameAs\":[\"https:\\\/\\\/www.facebook.com\\\/polgaroptika\",\"https:\\\/\\\/instagram.com\\\/polgar_optika?igshid=YmMyMTA2M2Y=\"]}]}<\/script>\n<!-- \/ Yoast SEO Premium plugin. -->","yoast_head_json":{"title":"A l\u00e1t\u00e1s h\u00f3napja 2025 - Polg\u00e1r Optika - L\u00e1t\u00e1sgondoz\u00e1s Szalon","description":"Te is szem\u00fcveges vagy? Akkor pontosan tudod, milyen az, amikor\u2026\ud83d\udc49 \u00c1lland\u00f3an cser\u00e9lgetned kell a szem\u00fcveged, \u00e9s valahogy egyik sem az igazi.\ud83d\udc49 Sz\u00f6rny\u0171 \u00e9rz\u00e9s, ahogy t\u00f6nkreteszi a nyakad a monitor el\u0151tti d\u0151l\u00f6ng\u00e9l\u00e9s.\ud83d\udc49 Meg\u00e1ll\u00e1s n\u00e9lk\u00fcl f\u00e1j a fejed, \u00e9s folyamatosan hunyorognod kell.\ud83d\udc49 F\u00e1radt szemekkel m\u00e1r sehogy sem l\u00e1tsz tiszt\u00e1n, vezet\u00e9s k\u00f6zben pedig bizonytalannak \u00e9rzed magad.\u2728 J\u00f3 h\u00edr\u00fcnk van a sz\u00e1modra! \u2728Az 1+1 lencse aj\u00e1nlatunkkal minden \u00e9lethelyzetre felk\u00e9sz\u00edtj\u00fck a szemedet, hogy ne kelljen t\u00f6bb kompromisszumot k\u00f6tn\u00f6d!\u2705 A pr\u00e9mium multifok\u00e1lis lencs\u00e9nkkel szuper\u00e9les \u00e9s tehermentes l\u00e1t\u00e1st biztos\u00edtunk minden t\u00e1vols\u00e1gra!A lencse pr\u00e9mium fel\u00fcletkezel\u00e9ssel k\u00e9sz\u00fcl, k\u00e9kf\u00e9nysz\u0171r\u00e9st \u00e9s UV-v\u00e9delmet tartalmaz, a leg\u00fajabb Duravision Gold r\u00e9tegnek k\u00f6sz\u00f6nhet\u0151en pedig rendk\u00edv\u00fcl tart\u00f3s \u00e9s k\u00f6nnyen tiszt\u00edthat\u00f3.\ud83d\udcbb Sokat dolgozol?\u2705 \u00c9ppen ez\u00e9rt a m\u00e1sodik, irodai munkaszem\u00fcveglencs\u00e9t -60% kedvezm\u00e9nnyel adjuk!Ez a lencse nemcsak olvas\u00e1shoz \u00e9s k\u00e9perny\u0151haszn\u00e1lathoz, hanem belt\u00e9ri nagyobb t\u00e1vols\u00e1gokra is krist\u00e1lytiszta l\u00e1t\u00e1st biztos\u00edt a sz\u00e1modra!Ezzel az 1+1 akci\u00f3val t\u00e9nyleg \u00f6r\u00f6kre b\u00facs\u00fat mondhatsz:\u274c Nyak- \u00e9s fejf\u00e1j\u00e1snak\u274c K\u00e9nyelmetlen, gerincet terhel\u0151 testtart\u00e1snak\u274c \u00c1lland\u00f3 szem\u00fcvegcser\u00e9lget\u00e9snek\u274c Hom\u00e1lyos l\u00e1t\u00e1snak, hunyorg\u00e1snak\ud83d\udca1 Mert v\u00e9gre minden helyzetre lesz egy t\u00f6k\u00e9letes szem\u00fcveged: a mindennapokra \u00e9s a munk\u00e1hoz is!\u2757De itt m\u00e9g nem \u00e1llunk meg! \u2757Ha most ig\u00e9nybe veszed az 1+1 akci\u00f3t akkor b\u00f3nuszk\u00e9nt adunk neked egy d\u00edjmentes, teljesk\u00f6r\u0171 pr\u00e9mium 3D l\u00e1t\u00e1svizsg\u00e1latot! \u2757\u00c9s ez m\u00e9g mindig nem minden! \u2757\u2b50 A kamp\u00e1ny ideje alatt a 3D l\u00e1t\u00e1svizsg\u00e1lat -50% kedvezm\u00e9nnyel vehet\u0151 ig\u00e9nybe, az 1+1 akci\u00f3t\u00f3l f\u00fcggetlen\u00fcl! \ud83d\udc49 K\u00e9rj id\u0151pontot m\u00e9g ma, \u00e9s tapasztald meg a k\u00fcl\u00f6nbs\u00e9get!","robots":{"index":"index","follow":"follow","max-snippet":"max-snippet:-1","max-image-preview":"max-image-preview:large","max-video-preview":"max-video-preview:-1"},"canonical":"https:\/\/optikapolgar.hu\/en\/offers\/latas-honapja-nezz-korul-nalunk\/","og_locale":"en_GB","og_type":"article","og_title":"A l\u00e1t\u00e1s h\u00f3napja 2025","og_description":"Te is szem\u00fcveges vagy? Akkor pontosan tudod, milyen az, amikor\u2026\ud83d\udc49 \u00c1lland\u00f3an cser\u00e9lgetned kell a szem\u00fcveged, \u00e9s valahogy egyik sem az igazi.\ud83d\udc49 Sz\u00f6rny\u0171 \u00e9rz\u00e9s, ahogy t\u00f6nkreteszi a nyakad a monitor el\u0151tti d\u0151l\u00f6ng\u00e9l\u00e9s.\ud83d\udc49 Meg\u00e1ll\u00e1s n\u00e9lk\u00fcl f\u00e1j a fejed, \u00e9s folyamatosan hunyorognod kell.\ud83d\udc49 F\u00e1radt szemekkel m\u00e1r sehogy sem l\u00e1tsz tiszt\u00e1n, vezet\u00e9s k\u00f6zben pedig bizonytalannak \u00e9rzed magad.\u2728 J\u00f3 h\u00edr\u00fcnk van a sz\u00e1modra! \u2728Az 1+1 lencse aj\u00e1nlatunkkal minden \u00e9lethelyzetre felk\u00e9sz\u00edtj\u00fck a szemedet, hogy ne kelljen t\u00f6bb kompromisszumot k\u00f6tn\u00f6d!\u2705 A pr\u00e9mium multifok\u00e1lis lencs\u00e9nkkel szuper\u00e9les \u00e9s tehermentes l\u00e1t\u00e1st biztos\u00edtunk minden t\u00e1vols\u00e1gra!A lencse pr\u00e9mium fel\u00fcletkezel\u00e9ssel k\u00e9sz\u00fcl, k\u00e9kf\u00e9nysz\u0171r\u00e9st \u00e9s UV-v\u00e9delmet tartalmaz, a leg\u00fajabb Duravision Gold r\u00e9tegnek k\u00f6sz\u00f6nhet\u0151en pedig rendk\u00edv\u00fcl tart\u00f3s \u00e9s k\u00f6nnyen tiszt\u00edthat\u00f3.\ud83d\udcbb Sokat dolgozol?\u2705 \u00c9ppen ez\u00e9rt a m\u00e1sodik, irodai munkaszem\u00fcveglencs\u00e9t -60% kedvezm\u00e9nnyel adjuk!Ez a lencse nemcsak olvas\u00e1shoz \u00e9s k\u00e9perny\u0151haszn\u00e1lathoz, hanem belt\u00e9ri nagyobb t\u00e1vols\u00e1gokra is krist\u00e1lytiszta l\u00e1t\u00e1st biztos\u00edt a sz\u00e1modra!Ezzel az 1+1 akci\u00f3val t\u00e9nyleg \u00f6r\u00f6kre b\u00facs\u00fat mondhatsz:\u274c Nyak- \u00e9s fejf\u00e1j\u00e1snak\u274c K\u00e9nyelmetlen, gerincet terhel\u0151 testtart\u00e1snak\u274c \u00c1lland\u00f3 szem\u00fcvegcser\u00e9lget\u00e9snek\u274c Hom\u00e1lyos l\u00e1t\u00e1snak, hunyorg\u00e1snak\ud83d\udca1 Mert v\u00e9gre minden helyzetre lesz egy t\u00f6k\u00e9letes szem\u00fcveged: a mindennapokra \u00e9s a munk\u00e1hoz is!\u2757De itt m\u00e9g nem \u00e1llunk meg! \u2757Ha most ig\u00e9nybe veszed az 1+1 akci\u00f3t akkor b\u00f3nuszk\u00e9nt adunk neked egy d\u00edjmentes, teljesk\u00f6r\u0171 pr\u00e9mium 3D l\u00e1t\u00e1svizsg\u00e1latot! \u2757\u00c9s ez m\u00e9g mindig nem minden! \u2757\u2b50 A kamp\u00e1ny ideje alatt a 3D l\u00e1t\u00e1svizsg\u00e1lat -50% kedvezm\u00e9nnyel vehet\u0151 ig\u00e9nybe, az 1+1 akci\u00f3t\u00f3l f\u00fcggetlen\u00fcl! \ud83d\udc49 K\u00e9rj id\u0151pontot m\u00e9g ma, \u00e9s tapasztald meg a k\u00fcl\u00f6nbs\u00e9get!","og_url":"https:\/\/optikapolgar.hu\/en\/offers\/latas-honapja-nezz-korul-nalunk\/","og_site_name":"Polg\u00e1r Optika - L\u00e1t\u00e1sgondoz\u00e1s Szalon","article_publisher":"https:\/\/www.facebook.com\/polgaroptika","article_modified_time":"2025-11-18T23:04:44+00:00","twitter_card":"summary_large_image","twitter_misc":{"Estimated reading time":"2 minutes"},"schema":{"@context":"https:\/\/schema.org","@graph":[{"@type":"WebPage","@id":"https:\/\/optikapolgar.hu\/akcio\/latas-honapja-nezz-korul-nalunk\/","url":"https:\/\/optikapolgar.hu\/akcio\/latas-honapja-nezz-korul-nalunk\/","name":"A l\u00e1t\u00e1s h\u00f3napja 2025 - Polg\u00e1r Optika - L\u00e1t\u00e1sgondoz\u00e1s Szalon","isPartOf":{"@id":"https:\/\/optikapolgar.hu\/#website"},"datePublished":"2025-10-01T09:11:26+00:00","dateModified":"2025-11-18T23:04:44+00:00","description":"Te is szem\u00fcveges vagy? Akkor pontosan tudod, milyen az, amikor\u2026\ud83d\udc49 \u00c1lland\u00f3an cser\u00e9lgetned kell a szem\u00fcveged, \u00e9s valahogy egyik sem az igazi.\ud83d\udc49 Sz\u00f6rny\u0171 \u00e9rz\u00e9s, ahogy t\u00f6nkreteszi a nyakad a monitor el\u0151tti d\u0151l\u00f6ng\u00e9l\u00e9s.\ud83d\udc49 Meg\u00e1ll\u00e1s n\u00e9lk\u00fcl f\u00e1j a fejed, \u00e9s folyamatosan hunyorognod kell.\ud83d\udc49 F\u00e1radt szemekkel m\u00e1r sehogy sem l\u00e1tsz tiszt\u00e1n, vezet\u00e9s k\u00f6zben pedig bizonytalannak \u00e9rzed magad.\u2728 J\u00f3 h\u00edr\u00fcnk van a sz\u00e1modra! \u2728Az 1+1 lencse aj\u00e1nlatunkkal minden \u00e9lethelyzetre felk\u00e9sz\u00edtj\u00fck a szemedet, hogy ne kelljen t\u00f6bb kompromisszumot k\u00f6tn\u00f6d!\u2705 A pr\u00e9mium multifok\u00e1lis lencs\u00e9nkkel szuper\u00e9les \u00e9s tehermentes l\u00e1t\u00e1st biztos\u00edtunk minden t\u00e1vols\u00e1gra!A lencse pr\u00e9mium fel\u00fcletkezel\u00e9ssel k\u00e9sz\u00fcl, k\u00e9kf\u00e9nysz\u0171r\u00e9st \u00e9s UV-v\u00e9delmet tartalmaz, a leg\u00fajabb Duravision Gold r\u00e9tegnek k\u00f6sz\u00f6nhet\u0151en pedig rendk\u00edv\u00fcl tart\u00f3s \u00e9s k\u00f6nnyen tiszt\u00edthat\u00f3.\ud83d\udcbb Sokat dolgozol?\u2705 \u00c9ppen ez\u00e9rt a m\u00e1sodik, irodai munkaszem\u00fcveglencs\u00e9t -60% kedvezm\u00e9nnyel adjuk!Ez a lencse nemcsak olvas\u00e1shoz \u00e9s k\u00e9perny\u0151haszn\u00e1lathoz, hanem belt\u00e9ri nagyobb t\u00e1vols\u00e1gokra is krist\u00e1lytiszta l\u00e1t\u00e1st biztos\u00edt a sz\u00e1modra!Ezzel az 1+1 akci\u00f3val t\u00e9nyleg \u00f6r\u00f6kre b\u00facs\u00fat mondhatsz:\u274c Nyak- \u00e9s fejf\u00e1j\u00e1snak\u274c K\u00e9nyelmetlen, gerincet terhel\u0151 testtart\u00e1snak\u274c \u00c1lland\u00f3 szem\u00fcvegcser\u00e9lget\u00e9snek\u274c Hom\u00e1lyos l\u00e1t\u00e1snak, hunyorg\u00e1snak\ud83d\udca1 Mert v\u00e9gre minden helyzetre lesz egy t\u00f6k\u00e9letes szem\u00fcveged: a mindennapokra \u00e9s a munk\u00e1hoz is!\u2757De itt m\u00e9g nem \u00e1llunk meg! \u2757Ha most ig\u00e9nybe veszed az 1+1 akci\u00f3t akkor b\u00f3nuszk\u00e9nt adunk neked egy d\u00edjmentes, teljesk\u00f6r\u0171 pr\u00e9mium 3D l\u00e1t\u00e1svizsg\u00e1latot! \u2757\u00c9s ez m\u00e9g mindig nem minden! \u2757\u2b50 A kamp\u00e1ny ideje alatt a 3D l\u00e1t\u00e1svizsg\u00e1lat -50% kedvezm\u00e9nnyel vehet\u0151 ig\u00e9nybe, az 1+1 akci\u00f3t\u00f3l f\u00fcggetlen\u00fcl! \ud83d\udc49 K\u00e9rj id\u0151pontot m\u00e9g ma, \u00e9s tapasztald meg a k\u00fcl\u00f6nbs\u00e9get!","breadcrumb":{"@id":"https:\/\/optikapolgar.hu\/akcio\/latas-honapja-nezz-korul-nalunk\/#breadcrumb"},"inLanguage":"en-GB","potentialAction":[{"@type":"ReadAction","target":["https:\/\/optikapolgar.hu\/akcio\/latas-honapja-nezz-korul-nalunk\/"]}]},{"@type":"BreadcrumbList","@id":"https:\/\/optikapolgar.hu\/akcio\/latas-honapja-nezz-korul-nalunk\/#breadcrumb","itemListElement":[{"@type":"ListItem","position":1,"name":"Home","item":"https:\/\/optikapolgar.hu\/"},{"@type":"ListItem","position":2,"name":"Akci\u00f3","item":"https:\/\/optikapolgar.hu\/akcio\/"},{"@type":"ListItem","position":3,"name":"A l\u00e1t\u00e1s h\u00f3napja 2025"}]},{"@type":"WebSite","@id":"https:\/\/optikapolgar.hu\/#website","url":"https:\/\/optikapolgar.hu\/","name":"Polg\u00e1r Optika - L\u00e1t\u00e1sgondoz\u00e1s Szalon","description":"Polgar Optics","publisher":{"@id":"https:\/\/optikapolgar.hu\/#organization"},"potentialAction":[{"@type":"SearchAction","target":{"@type":"EntryPoint","urlTemplate":"https:\/\/optikapolgar.hu\/?s={search_term_string}"},"query-input":{"@type":"PropertyValueSpecification","valueRequired":true,"valueName":"search_term_string"}}],"inLanguage":"en-GB"},{"@type":"Organization","@id":"https:\/\/optikapolgar.hu\/#organization","name":"Polg\u00e1r Optika - L\u00e1t\u00e1sgondoz\u00e1s Szalon","url":"https:\/\/optikapolgar.hu\/","logo":{"@type":"ImageObject","inLanguage":"en-GB","@id":"https:\/\/optikapolgar.hu\/#\/schema\/logo\/image\/","url":"https:\/\/optikapolgar.hu\/wp-content\/uploads\/2022\/06\/PolgarOptika_logo_arany.svg","contentUrl":"https:\/\/optikapolgar.hu\/wp-content\/uploads\/2022\/06\/PolgarOptika_logo_arany.svg","width":206,"height":208,"caption":"Polg\u00e1r Optika - L\u00e1t\u00e1sgondoz\u00e1s Szalon"},"image":{"@id":"https:\/\/optikapolgar.hu\/#\/schema\/logo\/image\/"},"sameAs":["https:\/\/www.facebook.com\/polgaroptika","https:\/\/instagram.com\/polgar_optika?igshid=YmMyMTA2M2Y="]}]}},"_links":{"self":[{"href":"https:\/\/optikapolgar.hu\/en\/wp-json\/wp\/v2\/akcio\/3126","targetHints":{"allow":["GET"]}}],"collection":[{"href":"https:\/\/optikapolgar.hu\/en\/wp-json\/wp\/v2\/akcio"}],"about":[{"href":"https:\/\/optikapolgar.hu\/en\/wp-json\/wp\/v2\/types\/akcio"}],"wp:attachment":[{"href":"https:\/\/optikapolgar.hu\/en\/wp-json\/wp\/v2\/media?parent=3126"}],"curies":[{"name":"wp","href":"https:\/\/api.w.org\/{rel}","templated":true}]}}